{"articles":[{"classes":["outercol"],"isFavourite":false,"isExternalUrl":{"articleLink":false},"articleListButtonsData":{"buttonsList":[{"label":"Les mer","url":"\/Artikkelarkiv\/endelig-i-hjemlandet-rebekka-bakken","type":"readmore"}],"mode":"default"},"favouriteType":null,"mnu":null,"section":null,"displayId":true,"docId":2833,"identifier":"2833Article","docType":"Article","customDate":false,"teaserData":{"teaserText":"","mode":"default"},"content":{"teaser":"","intro":"Under Bod\u00f8 Jazz Open gir Rebekka Bakken en av sine f\u00e5 konserter i hjemlandet.  "},"titles":{"main":"Endelig i hjemlandet ","readMoreButton":"Les mer"},"urls":{"readMore":"\/Artikkelarkiv\/endelig-i-hjemlandet-rebekka-bakken","booking":null},"created":{"date":"29.01.2025","time":"09:55","timestamp":1738140900},"introAllowHtml":false,"hasTicket":false,"extra":null,"hasReadMore":true,"media":{"imageData":{"path":"\/sites\/b\/bodojazzopen.no\/files\/2025\/01\/rebekka_bakken.png","width":999,"height":686,"aspectRatio":1.456268221574344},"previewImageUrl":"\/sites\/b\/bodojazzopen.no\/files\/2025\/01\/rebekka_bakken.png?cropToFit=100x59&quality=50","imageVariants":[{"path":"\/sites\/b\/bodojazzopen.no\/files\/2025\/01\/rebekka_bakken.png?cropToFit=100x59&quality=75","width":100,"height":59,"aspectRatio":1.694915254237288},{"path":"\/sites\/b\/bodojazzopen.no\/files\/2025\/01\/rebekka_bakken.png?cropToFit=200x118&quality=75","width":200,"height":118,"aspectRatio":1.694915254237288},{"path":"\/sites\/b\/bodojazzopen.no\/files\/2025\/01\/rebekka_bakken.png?cropToFit=400x235&quality=75","width":400,"height":235,"aspectRatio":1.702127659574468},{"path":"\/sites\/b\/bodojazzopen.no\/files\/2025\/01\/rebekka_bakken.png?cropToFit=600x353&quality=75","width":600,"height":353,"aspectRatio":1.6997167138810199},{"path":"\/sites\/b\/bodojazzopen.no\/files\/2025\/01\/rebekka_bakken.png?cropToFit=800x471&quality=75","width":800,"height":471,"aspectRatio":1.6985138004246285},{"path":"\/sites\/b\/bodojazzopen.no\/files\/2025\/01\/rebekka_bakken.png?cropToFit=1000x588&quality=75","width":999,"height":587,"aspectRatio":1.7018739352640546},{"path":"\/sites\/b\/bodojazzopen.no\/files\/2025\/01\/rebekka_bakken.png?cropToFit=1200x706&quality=75","width":999,"height":588,"aspectRatio":1.6989795918367347}],"image":"\/sites\/b\/bodojazzopen.no\/files\/2025\/01\/rebekka_bakken.png","aspect":1.694915254237288,"type":"image","description":null},"additionalData":[]},{"classes":["outercol"],"isFavourite":false,"isExternalUrl":{"articleLink":false},"articleListButtonsData":{"buttonsList":[{"label":"Les mer","url":"\/Artikkelarkiv\/sanger-med-bade-humor-og-alvor","type":"readmore"}],"mode":"default"},"favouriteType":null,"mnu":null,"section":null,"displayId":true,"docId":2825,"identifier":"2825Article","docType":"Article","customDate":false,"teaserData":{"teaserText":"","mode":"default"},"content":{"teaser":"","intro":"Det blir b\u00e5de humor og alvor, n\u00e5r Kjell Andreassen og Polarna bl\u00e5ser liv Cornelis Vreeswijks l\u00e5ter p\u00e5 Dama Di onsdag kveld. "},"titles":{"main":"Sanger med humor og alvor ","readMoreButton":"Les mer"},"urls":{"readMore":"\/Artikkelarkiv\/sanger-med-bade-humor-og-alvor","booking":null},"created":{"date":"28.01.2025","time":"15:37","timestamp":1738075020},"introAllowHtml":false,"hasTicket":false,"extra":null,"hasReadMore":true,"media":{"imageData":{"path":"\/sites\/b\/bodojazzopen.no\/files\/2025\/01\/kjell_andreassen_foto_frida_sandnes_bringslimark.jpg","width":1920,"height":1280,"aspectRatio":1.5},"previewImageUrl":"\/sites\/b\/bodojazzopen.no\/files\/2025\/01\/kjell_andreassen_foto_frida_sandnes_bringslimark.jpg?cropToFit=100x59&quality=50","imageVariants":[{"path":"\/sites\/b\/bodojazzopen.no\/files\/2025\/01\/kjell_andreassen_foto_frida_sandnes_bringslimark.jpg?cropToFit=100x59&quality=75","width":100,"height":59,"aspectRatio":1.694915254237288},{"path":"\/sites\/b\/bodojazzopen.no\/files\/2025\/01\/kjell_andreassen_foto_frida_sandnes_bringslimark.jpg?cropToFit=200x118&quality=75","width":200,"height":118,"aspectRatio":1.694915254237288},{"path":"\/sites\/b\/bodojazzopen.no\/files\/2025\/01\/kjell_andreassen_foto_frida_sandnes_bringslimark.jpg?cropToFit=400x235&quality=75","width":400,"height":235,"aspectRatio":1.702127659574468},{"path":"\/sites\/b\/bodojazzopen.no\/files\/2025\/01\/kjell_andreassen_foto_frida_sandnes_bringslimark.jpg?cropToFit=600x353&quality=75","width":600,"height":353,"aspectRatio":1.6997167138810199},{"path":"\/sites\/b\/bodojazzopen.no\/files\/2025\/01\/kjell_andreassen_foto_frida_sandnes_bringslimark.jpg?cropToFit=800x471&quality=75","width":800,"height":471,"aspectRatio":1.6985138004246285},{"path":"\/sites\/b\/bodojazzopen.no\/files\/2025\/01\/kjell_andreassen_foto_frida_sandnes_bringslimark.jpg?cropToFit=1000x588&quality=75","width":1000,"height":588,"aspectRatio":1.7006802721088434},{"path":"\/sites\/b\/bodojazzopen.no\/files\/2025\/01\/kjell_andreassen_foto_frida_sandnes_bringslimark.jpg?cropToFit=1200x706&quality=75","width":1200,"height":706,"aspectRatio":1.6997167138810199}],"image":"\/sites\/b\/bodojazzopen.no\/files\/2025\/01\/kjell_andreassen_foto_frida_sandnes_bringslimark.jpg","aspect":1.694915254237288,"type":"image","description":null},"additionalData":[]},{"classes":["outercol"],"isFavourite":false,"isExternalUrl":{"articleLink":false},"articleListButtonsData":{"buttonsList":[{"label":"Les mer","url":"\/Artikkelarkiv\/en-merkestein-i-norsk-jazz-khmer","type":"readmore"}],"mode":"default"},"favouriteType":null,"mnu":null,"section":null,"displayId":true,"docId":2806,"identifier":"2806Article","docType":"Article","customDate":false,"teaserData":{"teaserText":"","mode":"default"},"content":{"teaser":"","intro":"L\u00e5tene fra \u00abKhmer\u00bb st\u00e5r p\u00e5 menyen, n\u00e5r Nils Petter Molv\u00e6r og ensemblet hans inntar Sinus den 31. januar. Plata regnes som en milep\u00e6l i norsk jazz.  "},"titles":{"main":"En merkestein i norsk jazz ","readMoreButton":"Les mer"},"urls":{"readMore":"\/Artikkelarkiv\/en-merkestein-i-norsk-jazz-khmer","booking":null},"created":{"date":"24.01.2025","time":"13:34","timestamp":1737722040},"introAllowHtml":false,"hasTicket":false,"extra":null,"hasReadMore":true,"media":{"imageData":{"path":"\/sites\/b\/bodojazzopen.no\/files\/2025\/01\/nils_petter_molvaer_credit_roberto_cifarelli_wide.jpg","width":9001,"height":5315,"aspectRatio":1.6935089369708372},"previewImageUrl":"\/sites\/b\/bodojazzopen.no\/files\/2025\/01\/nils_petter_molvaer_credit_roberto_cifarelli_wide.jpg?cropToFit=100x59&quality=50","imageVariants":[{"path":"\/sites\/b\/bodojazzopen.no\/files\/2025\/01\/nils_petter_molvaer_credit_roberto_cifarelli_wide.jpg?cropToFit=100x59&quality=75","width":100,"height":59,"aspectRatio":1.694915254237288},{"path":"\/sites\/b\/bodojazzopen.no\/files\/2025\/01\/nils_petter_molvaer_credit_roberto_cifarelli_wide.jpg?cropToFit=200x118&quality=75","width":200,"height":118,"aspectRatio":1.694915254237288},{"path":"\/sites\/b\/bodojazzopen.no\/files\/2025\/01\/nils_petter_molvaer_credit_roberto_cifarelli_wide.jpg?cropToFit=400x235&quality=75","width":400,"height":235,"aspectRatio":1.702127659574468},{"path":"\/sites\/b\/bodojazzopen.no\/files\/2025\/01\/nils_petter_molvaer_credit_roberto_cifarelli_wide.jpg?cropToFit=600x353&quality=75","width":600,"height":353,"aspectRatio":1.6997167138810199},{"path":"\/sites\/b\/bodojazzopen.no\/files\/2025\/01\/nils_petter_molvaer_credit_roberto_cifarelli_wide.jpg?cropToFit=800x471&quality=75","width":800,"height":471,"aspectRatio":1.6985138004246285},{"path":"\/sites\/b\/bodojazzopen.no\/files\/2025\/01\/nils_petter_molvaer_credit_roberto_cifarelli_wide.jpg?cropToFit=1000x588&quality=75","width":1000,"height":588,"aspectRatio":1.7006802721088434},{"path":"\/sites\/b\/bodojazzopen.no\/files\/2025\/01\/nils_petter_molvaer_credit_roberto_cifarelli_wide.jpg?cropToFit=1200x706&quality=75","width":1200,"height":706,"aspectRatio":1.6997167138810199}],"image":"\/sites\/b\/bodojazzopen.no\/files\/2025\/01\/nils_petter_molvaer_credit_roberto_cifarelli_wide.jpg","aspect":1.694915254237288,"type":"image","description":null},"additionalData":[]},{"classes":["outercol"],"isFavourite":false,"isExternalUrl":{"articleLink":false},"articleListButtonsData":{"buttonsList":[{"label":"Les mer","url":"\/Artikkelarkiv\/apningskonsert-solveig-slettahjell-knut-reiersrud-in-the-country","type":"readmore"}],"mode":"default"},"favouriteType":null,"mnu":null,"section":null,"displayId":true,"docId":2804,"identifier":"2804Article","docType":"Article","customDate":false,"teaserData":{"teaserText":"","mode":"default"},"content":{"teaser":"","intro":"\u00e5 albumet \u00abRememberance\u00bb tolker In the Country poesien til Emily Dickinson og s\u00f8strene Bront\u00eb. 29. januar \u00e5pner ensemblet Bod\u00f8 Jazz Open. "},"titles":{"main":"\u00c5pningskonsert med feministisk kjerne","readMoreButton":"Les mer"},"urls":{"readMore":"\/Artikkelarkiv\/apningskonsert-solveig-slettahjell-knut-reiersrud-in-the-country","booking":null},"created":{"date":"23.01.2025","time":"11:42","timestamp":1737628920},"introAllowHtml":false,"hasTicket":false,"extra":null,"hasReadMore":true,"media":{"imageData":{"path":"\/sites\/b\/bodojazzopen.no\/files\/2025\/01\/_q9a5839_desat-kvadrat.jpg","width":3095,"height":2939,"aspectRatio":1.053079278666213},"previewImageUrl":"\/sites\/b\/bodojazzopen.no\/files\/2025\/01\/_q9a5839_desat-kvadrat.jpg?cropToFit=100x59&quality=50","imageVariants":[{"path":"\/sites\/b\/bodojazzopen.no\/files\/2025\/01\/_q9a5839_desat-kvadrat.jpg?cropToFit=100x59&quality=75","width":100,"height":59,"aspectRatio":1.694915254237288},{"path":"\/sites\/b\/bodojazzopen.no\/files\/2025\/01\/_q9a5839_desat-kvadrat.jpg?cropToFit=200x118&quality=75","width":200,"height":118,"aspectRatio":1.694915254237288},{"path":"\/sites\/b\/bodojazzopen.no\/files\/2025\/01\/_q9a5839_desat-kvadrat.jpg?cropToFit=400x235&quality=75","width":400,"height":235,"aspectRatio":1.702127659574468},{"path":"\/sites\/b\/bodojazzopen.no\/files\/2025\/01\/_q9a5839_desat-kvadrat.jpg?cropToFit=600x353&quality=75","width":600,"height":353,"aspectRatio":1.6997167138810199},{"path":"\/sites\/b\/bodojazzopen.no\/files\/2025\/01\/_q9a5839_desat-kvadrat.jpg?cropToFit=800x471&quality=75","width":800,"height":471,"aspectRatio":1.6985138004246285},{"path":"\/sites\/b\/bodojazzopen.no\/files\/2025\/01\/_q9a5839_desat-kvadrat.jpg?cropToFit=1000x588&quality=75","width":1000,"height":588,"aspectRatio":1.7006802721088434},{"path":"\/sites\/b\/bodojazzopen.no\/files\/2025\/01\/_q9a5839_desat-kvadrat.jpg?cropToFit=1200x706&quality=75","width":1200,"height":706,"aspectRatio":1.6997167138810199}],"image":"\/sites\/b\/bodojazzopen.no\/files\/2025\/01\/_q9a5839_desat-kvadrat.jpg","aspect":1.694915254237288,"type":"image","description":null},"additionalData":[]},{"classes":["outercol"],"isFavourite":false,"isExternalUrl":{"articleLink":false},"articleListButtonsData":{"buttonsList":[{"label":"Les mer","url":"\/Artikkelarkiv\/ei-salig-stund-p\u00e5-beddingen","type":"readmore"}],"mode":"default"},"favouriteType":null,"mnu":null,"section":null,"displayId":true,"docId":2770,"identifier":"2770Article","docType":"Article","customDate":false,"teaserData":{"teaserText":"","mode":"default"},"content":{"teaser":"","intro":"I \u00abDe salige\u00bb gir Susanne Lundeng sl\u00e5ttemusikken i Lofoten og Salten ei moderne videref\u00f8ring. Den 30. januar presenteres prosjektet i Beddingen kulturhus. "},"titles":{"main":"Ei salig stund p\u00e5 Beddingen ","readMoreButton":"Les mer"},"urls":{"readMore":"\/Artikkelarkiv\/ei-salig-stund-p\u00e5-beddingen","booking":null},"created":{"date":"21.01.2025","time":"22:58","timestamp":1737496680},"introAllowHtml":false,"hasTicket":false,"extra":null,"hasReadMore":true,"media":{"imageData":{"path":"\/sites\/b\/bodojazzopen.no\/files\/2025\/01\/susanne_lundeng_foto_martin_losvik_no_text.jpg","width":7195,"height":4168,"aspectRatio":1.7262476007677543},"previewImageUrl":"\/sites\/b\/bodojazzopen.no\/files\/2025\/01\/susanne_lundeng_foto_martin_losvik_no_text.jpg?cropToFit=100x59&quality=50","imageVariants":[{"path":"\/sites\/b\/bodojazzopen.no\/files\/2025\/01\/susanne_lundeng_foto_martin_losvik_no_text.jpg?cropToFit=100x59&quality=75","width":100,"height":59,"aspectRatio":1.694915254237288},{"path":"\/sites\/b\/bodojazzopen.no\/files\/2025\/01\/susanne_lundeng_foto_martin_losvik_no_text.jpg?cropToFit=200x118&quality=75","width":200,"height":118,"aspectRatio":1.694915254237288},{"path":"\/sites\/b\/bodojazzopen.no\/files\/2025\/01\/susanne_lundeng_foto_martin_losvik_no_text.jpg?cropToFit=400x235&quality=75","width":400,"height":235,"aspectRatio":1.702127659574468},{"path":"\/sites\/b\/bodojazzopen.no\/files\/2025\/01\/susanne_lundeng_foto_martin_losvik_no_text.jpg?cropToFit=600x353&quality=75","width":600,"height":353,"aspectRatio":1.6997167138810199},{"path":"\/sites\/b\/bodojazzopen.no\/files\/2025\/01\/susanne_lundeng_foto_martin_losvik_no_text.jpg?cropToFit=800x471&quality=75","width":800,"height":471,"aspectRatio":1.6985138004246285},{"path":"\/sites\/b\/bodojazzopen.no\/files\/2025\/01\/susanne_lundeng_foto_martin_losvik_no_text.jpg?cropToFit=1000x588&quality=75","width":1000,"height":588,"aspectRatio":1.7006802721088434},{"path":"\/sites\/b\/bodojazzopen.no\/files\/2025\/01\/susanne_lundeng_foto_martin_losvik_no_text.jpg?cropToFit=1200x706&quality=75","width":1200,"height":706,"aspectRatio":1.6997167138810199}],"image":"\/sites\/b\/bodojazzopen.no\/files\/2025\/01\/susanne_lundeng_foto_martin_losvik_no_text.jpg","aspect":1.694915254237288,"type":"image","description":null},"additionalData":[]},{"classes":["outercol"],"isFavourite":false,"isExternalUrl":{"articleLink":false},"articleListButtonsData":{"buttonsList":[{"label":"Les mer","url":"\/Artikkelarkiv\/liv-andrea-hauge-2025","type":"readmore"}],"mode":"default"},"favouriteType":null,"mnu":null,"section":null,"displayId":true,"docId":2653,"identifier":"2653Article","docType":"Article","customDate":false,"teaserData":{"teaserText":"","mode":"default"},"content":{"teaser":"","intro":"Liv Andrea Hauge var en av tre nordnorske komponister som ble plukket ut til \u00e5 skrive musikken til \u00e5pningskonserten for Bod\u00f82024, som ble presentert med et helt symfoniorkester i ryggen. Den unge jazzmusikeren og pianisten fra Mosj\u00f8en, som ellers er opptatt med sin egen trio og en rekke andre prosjekter, kommer n\u00e5 til Bod\u00f8 Jazz Open for \u00e5 spille en hel konsert med Arktisk Filharmoni. Vi snakket med henne under innspurten. "},"titles":{"main":"- Et sv\u00e6rt orkester skal st\u00e5 bak meg og spille min musikk. Det er stort. ","readMoreButton":"Les mer"},"urls":{"readMore":"\/Artikkelarkiv\/liv-andrea-hauge-2025","booking":null},"created":{"date":"16.01.2025","time":"18:30","timestamp":1737048600},"introAllowHtml":false,"hasTicket":false,"extra":null,"hasReadMore":true,"media":{"imageData":{"path":"\/sites\/b\/bodojazzopen.no\/files\/2025\/01\/hy3a2635.jpg","width":5760,"height":3840,"aspectRatio":1.5},"previewImageUrl":"\/sites\/b\/bodojazzopen.no\/files\/2025\/01\/hy3a2635.jpg?cropToFit=100x59&quality=50","imageVariants":[{"path":"\/sites\/b\/bodojazzopen.no\/files\/2025\/01\/hy3a2635.jpg?cropToFit=100x59&quality=75","width":100,"height":59,"aspectRatio":1.694915254237288},{"path":"\/sites\/b\/bodojazzopen.no\/files\/2025\/01\/hy3a2635.jpg?cropToFit=200x118&quality=75","width":200,"height":118,"aspectRatio":1.694915254237288},{"path":"\/sites\/b\/bodojazzopen.no\/files\/2025\/01\/hy3a2635.jpg?cropToFit=400x235&quality=75","width":400,"height":235,"aspectRatio":1.702127659574468},{"path":"\/sites\/b\/bodojazzopen.no\/files\/2025\/01\/hy3a2635.jpg?cropToFit=600x353&quality=75","width":600,"height":353,"aspectRatio":1.6997167138810199},{"path":"\/sites\/b\/bodojazzopen.no\/files\/2025\/01\/hy3a2635.jpg?cropToFit=800x471&quality=75","width":800,"height":471,"aspectRatio":1.6985138004246285},{"path":"\/sites\/b\/bodojazzopen.no\/files\/2025\/01\/hy3a2635.jpg?cropToFit=1000x588&quality=75","width":1000,"height":588,"aspectRatio":1.7006802721088434},{"path":"\/sites\/b\/bodojazzopen.no\/files\/2025\/01\/hy3a2635.jpg?cropToFit=1200x706&quality=75","width":1200,"height":706,"aspectRatio":1.6997167138810199}],"image":"\/sites\/b\/bodojazzopen.no\/files\/2025\/01\/hy3a2635.jpg","aspect":1.694915254237288,"type":"image","description":null},"additionalData":[]},{"classes":["outercol"],"isFavourite":false,"isExternalUrl":{"articleLink":false},"articleListButtonsData":{"buttonsList":[{"label":"Les mer","url":"\/Artikkelarkiv\/2-konserter-i-1-billett","type":"readmore"}],"mode":"default"},"favouriteType":null,"mnu":null,"section":null,"displayId":true,"docId":2456,"identifier":"2456Article","docType":"Article","customDate":false,"teaserData":{"teaserText":"","mode":"default"},"content":{"teaser":"","intro":"Benytt muligheten for 2 konserter med 1 billett. F\u00e5 med deg b\u00e5de Susanne Lundeng \"De salige\" og Benjamin M\u00f8rk & Arve Henriksen p\u00e5 Beddingen kulturhus."},"titles":{"main":"2 konserter i 1 billett","readMoreButton":"Les mer"},"urls":{"readMore":"\/Artikkelarkiv\/2-konserter-i-1-billett","booking":null},"created":{"date":"05.12.2024","time":"10:29","timestamp":1733390940},"introAllowHtml":false,"hasTicket":false,"extra":null,"hasReadMore":true,"media":{"imageData":{"path":"\/sites\/b\/bodojazzopen.no\/files\/2024\/11\/bjo25_susanne_lundeng_1920_x_1280.png","width":1920,"height":1280,"aspectRatio":1.5},"previewImageUrl":"\/sites\/b\/bodojazzopen.no\/files\/2024\/11\/bjo25_susanne_lundeng_1920_x_1280.png?cropToFit=100x59&quality=50","imageVariants":[{"path":"\/sites\/b\/bodojazzopen.no\/files\/2024\/11\/bjo25_susanne_lundeng_1920_x_1280.png?cropToFit=100x59&quality=75","width":100,"height":59,"aspectRatio":1.694915254237288},{"path":"\/sites\/b\/bodojazzopen.no\/files\/2024\/11\/bjo25_susanne_lundeng_1920_x_1280.png?cropToFit=200x118&quality=75","width":200,"height":118,"aspectRatio":1.694915254237288},{"path":"\/sites\/b\/bodojazzopen.no\/files\/2024\/11\/bjo25_susanne_lundeng_1920_x_1280.png?cropToFit=400x235&quality=75","width":400,"height":235,"aspectRatio":1.702127659574468},{"path":"\/sites\/b\/bodojazzopen.no\/files\/2024\/11\/bjo25_susanne_lundeng_1920_x_1280.png?cropToFit=600x353&quality=75","width":600,"height":353,"aspectRatio":1.6997167138810199},{"path":"\/sites\/b\/bodojazzopen.no\/files\/2024\/11\/bjo25_susanne_lundeng_1920_x_1280.png?cropToFit=800x471&quality=75","width":800,"height":471,"aspectRatio":1.6985138004246285},{"path":"\/sites\/b\/bodojazzopen.no\/files\/2024\/11\/bjo25_susanne_lundeng_1920_x_1280.png?cropToFit=1000x588&quality=75","width":1000,"height":588,"aspectRatio":1.7006802721088434},{"path":"\/sites\/b\/bodojazzopen.no\/files\/2024\/11\/bjo25_susanne_lundeng_1920_x_1280.png?cropToFit=1200x706&quality=75","width":1200,"height":706,"aspectRatio":1.6997167138810199}],"image":"\/sites\/b\/bodojazzopen.no\/files\/2024\/11\/bjo25_susanne_lundeng_1920_x_1280.png","aspect":1.694915254237288,"type":"image","description":null},"additionalData":[]},{"classes":["outercol"],"isFavourite":false,"isExternalUrl":{"articleLink":false},"articleListButtonsData":{"buttonsList":[{"label":"Les mer","url":"\/Artikkelarkiv\/helaftens-jazzfest","type":"readmore"}],"mode":"default"},"favouriteType":null,"mnu":null,"section":null,"displayId":true,"docId":2404,"identifier":"2404Article","docType":"Article","customDate":false,"teaserData":{"teaserText":"","mode":"default"},"content":{"teaser":"","intro":"Bod\u00f8 Big Band med Knut Marius Djupvik & Sigrid Brennhaug, og Rebekka Bakken Band, er toppnavn som sv\u00e6rt sjelden kan oppleves samme kveld noe sted. L\u00f8rdag 1. februar f\u00e5r du muligheten!"},"titles":{"main":"Helaftens jazzfest p\u00e5 Quality Hotel Ramsalt","readMoreButton":"Les mer"},"urls":{"readMore":"\/Artikkelarkiv\/helaftens-jazzfest","booking":null},"created":{"date":"19.11.2024","time":"10:08","timestamp":1732007280},"introAllowHtml":false,"hasTicket":false,"extra":null,"hasReadMore":true,"media":{"imageData":{"path":"\/sites\/b\/bodojazzopen.no\/files\/2024\/11\/bjo25_bbb_billett_4-3_1920_x_1200.png","width":1920,"height":1200,"aspectRatio":1.6},"previewImageUrl":"\/sites\/b\/bodojazzopen.no\/files\/2024\/11\/bjo25_bbb_billett_4-3_1920_x_1200.png?cropToFit=100x59&quality=50","imageVariants":[{"path":"\/sites\/b\/bodojazzopen.no\/files\/2024\/11\/bjo25_bbb_billett_4-3_1920_x_1200.png?cropToFit=100x59&quality=75","width":100,"height":59,"aspectRatio":1.694915254237288},{"path":"\/sites\/b\/bodojazzopen.no\/files\/2024\/11\/bjo25_bbb_billett_4-3_1920_x_1200.png?cropToFit=200x118&quality=75","width":200,"height":118,"aspectRatio":1.694915254237288},{"path":"\/sites\/b\/bodojazzopen.no\/files\/2024\/11\/bjo25_bbb_billett_4-3_1920_x_1200.png?cropToFit=400x235&quality=75","width":400,"height":235,"aspectRatio":1.702127659574468},{"path":"\/sites\/b\/bodojazzopen.no\/files\/2024\/11\/bjo25_bbb_billett_4-3_1920_x_1200.png?cropToFit=600x353&quality=75","width":600,"height":353,"aspectRatio":1.6997167138810199},{"path":"\/sites\/b\/bodojazzopen.no\/files\/2024\/11\/bjo25_bbb_billett_4-3_1920_x_1200.png?cropToFit=800x471&quality=75","width":800,"height":471,"aspectRatio":1.6985138004246285},{"path":"\/sites\/b\/bodojazzopen.no\/files\/2024\/11\/bjo25_bbb_billett_4-3_1920_x_1200.png?cropToFit=1000x588&quality=75","width":1000,"height":588,"aspectRatio":1.7006802721088434},{"path":"\/sites\/b\/bodojazzopen.no\/files\/2024\/11\/bjo25_bbb_billett_4-3_1920_x_1200.png?cropToFit=1200x706&quality=75","width":1200,"height":706,"aspectRatio":1.6997167138810199}],"image":"\/sites\/b\/bodojazzopen.no\/files\/2024\/11\/bjo25_bbb_billett_4-3_1920_x_1200.png","aspect":1.694915254237288,"type":"image","description":null},"additionalData":[]},{"classes":["outercol"],"isFavourite":false,"isExternalUrl":{"articleLink":false},"articleListButtonsData":{"buttonsList":[{"label":"Les mer","url":"\/Artikkelarkiv\/?Article=2117","type":"readmore"}],"mode":"default"},"favouriteType":null,"mnu":null,"section":null,"displayId":true,"docId":2117,"identifier":"2117Article","docType":"Article","customDate":false,"teaserData":{"teaserText":"","mode":"default"},"content":{"teaser":"","intro":"En stormfull festivaluke er over. Tusen takk til alle som deltok p\u00e5 v\u00e5re konserter og arrangementer!"},"titles":{"main":"Takk for i \u00e5r!","readMoreButton":"Les mer"},"urls":{"readMore":"\/Artikkelarkiv\/?Article=2117","booking":null},"created":{"date":"30.01.2024","time":"12:00","timestamp":1706612400},"introAllowHtml":false,"hasTicket":false,"extra":null,"hasReadMore":true,"media":{"imageData":{"path":"\/sites\/b\/bodojazzopen.no\/files\/2024\/02\/stifjell.foto-02.jpg","width":6000,"height":4000,"aspectRatio":1.5},"previewImageUrl":"\/sites\/b\/bodojazzopen.no\/files\/2024\/02\/stifjell.foto-02.jpg?cropToFit=100x59&quality=50","imageVariants":[{"path":"\/sites\/b\/bodojazzopen.no\/files\/2024\/02\/stifjell.foto-02.jpg?cropToFit=100x59&quality=75","width":100,"height":59,"aspectRatio":1.694915254237288},{"path":"\/sites\/b\/bodojazzopen.no\/files\/2024\/02\/stifjell.foto-02.jpg?cropToFit=200x118&quality=75","width":200,"height":118,"aspectRatio":1.694915254237288},{"path":"\/sites\/b\/bodojazzopen.no\/files\/2024\/02\/stifjell.foto-02.jpg?cropToFit=400x235&quality=75","width":400,"height":235,"aspectRatio":1.702127659574468},{"path":"\/sites\/b\/bodojazzopen.no\/files\/2024\/02\/stifjell.foto-02.jpg?cropToFit=600x353&quality=75","width":600,"height":353,"aspectRatio":1.6997167138810199},{"path":"\/sites\/b\/bodojazzopen.no\/files\/2024\/02\/stifjell.foto-02.jpg?cropToFit=800x471&quality=75","width":800,"height":471,"aspectRatio":1.6985138004246285},{"path":"\/sites\/b\/bodojazzopen.no\/files\/2024\/02\/stifjell.foto-02.jpg?cropToFit=1000x588&quality=75","width":1000,"height":588,"aspectRatio":1.7006802721088434},{"path":"\/sites\/b\/bodojazzopen.no\/files\/2024\/02\/stifjell.foto-02.jpg?cropToFit=1200x706&quality=75","width":1200,"height":706,"aspectRatio":1.6997167138810199}],"image":"\/sites\/b\/bodojazzopen.no\/files\/2024\/02\/stifjell.foto-02.jpg","aspect":1.694915254237288,"type":"image","description":null},"additionalData":[]},{"classes":["outercol"],"isFavourite":false,"isExternalUrl":{"articleLink":false},"articleListButtonsData":{"buttonsList":[{"label":"Les mer","url":"\/Artikkelarkiv\/kvensk-musikk-i-ny-drakt-nordnorsk-jazzensemble-arve-henriksen","type":"readmore"}],"mode":"default"},"favouriteType":null,"mnu":null,"section":null,"displayId":true,"docId":2077,"identifier":"2077Article","docType":"Article","customDate":false,"teaserData":{"teaserText":"","mode":"default"},"content":{"teaser":"","intro":"N\u00e5r Nordnorsk Jazzensemble inntar Stormen den 1. februar skal det handle om tolkninger av musikk fra den kvenske musikkarven."},"titles":{"main":"Kvensk musikk i ny drakt","readMoreButton":"Les mer"},"urls":{"readMore":"\/Artikkelarkiv\/kvensk-musikk-i-ny-drakt-nordnorsk-jazzensemble-arve-henriksen","booking":null},"created":{"date":"25.01.2024","time":"03:05","timestamp":1706148300},"introAllowHtml":false,"hasTicket":false,"extra":null,"hasReadMore":true,"media":{"imageData":{"path":"\/sites\/b\/bodojazzopen.no\/files\/2023\/12\/seria_bjo24_artist_samlet_formater_nnje_arve_henriksen_1920_x_10803.png","width":1920,"height":1080,"aspectRatio":1.7777777777777777},"previewImageUrl":"\/sites\/b\/bodojazzopen.no\/files\/2023\/12\/seria_bjo24_artist_samlet_formater_nnje_arve_henriksen_1920_x_10803.png?cropToFit=100x59&quality=50","imageVariants":[{"path":"\/sites\/b\/bodojazzopen.no\/files\/2023\/12\/seria_bjo24_artist_samlet_formater_nnje_arve_henriksen_1920_x_10803.png?cropToFit=100x59&quality=75","width":100,"height":59,"aspectRatio":1.694915254237288},{"path":"\/sites\/b\/bodojazzopen.no\/files\/2023\/12\/seria_bjo24_artist_samlet_formater_nnje_arve_henriksen_1920_x_10803.png?cropToFit=200x118&quality=75","width":200,"height":118,"aspectRatio":1.694915254237288},{"path":"\/sites\/b\/bodojazzopen.no\/files\/2023\/12\/seria_bjo24_artist_samlet_formater_nnje_arve_henriksen_1920_x_10803.png?cropToFit=400x235&quality=75","width":400,"height":235,"aspectRatio":1.702127659574468},{"path":"\/sites\/b\/bodojazzopen.no\/files\/2023\/12\/seria_bjo24_artist_samlet_formater_nnje_arve_henriksen_1920_x_10803.png?cropToFit=600x353&quality=75","width":600,"height":353,"aspectRatio":1.6997167138810199},{"path":"\/sites\/b\/bodojazzopen.no\/files\/2023\/12\/seria_bjo24_artist_samlet_formater_nnje_arve_henriksen_1920_x_10803.png?cropToFit=800x471&quality=75","width":800,"height":471,"aspectRatio":1.6985138004246285},{"path":"\/sites\/b\/bodojazzopen.no\/files\/2023\/12\/seria_bjo24_artist_samlet_formater_nnje_arve_henriksen_1920_x_10803.png?cropToFit=1000x588&quality=75","width":1000,"height":588,"aspectRatio":1.7006802721088434},{"path":"\/sites\/b\/bodojazzopen.no\/files\/2023\/12\/seria_bjo24_artist_samlet_formater_nnje_arve_henriksen_1920_x_10803.png?cropToFit=1200x706&quality=75","width":1200,"height":706,"aspectRatio":1.6997167138810199}],"image":"\/sites\/b\/bodojazzopen.no\/files\/2023\/12\/seria_bjo24_artist_samlet_formater_nnje_arve_henriksen_1920_x_10803.png","aspect":1.694915254237288,"type":"image","description":null},"additionalData":[]},{"classes":["outercol"],"isFavourite":false,"isExternalUrl":{"articleLink":false},"articleListButtonsData":{"buttonsList":[{"label":"Les mer","url":"\/Artikkelarkiv\/jazzistermedmangekilder-jaga-jazzist","type":"readmore"}],"mode":"default"},"favouriteType":null,"mnu":null,"section":null,"displayId":true,"docId":2034,"identifier":"2034Article","docType":"Article","customDate":false,"teaserData":{"teaserText":"","mode":"default"},"content":{"teaser":"","intro":"\u00abVi har aldri hatt som m\u00e5l \u00e5 v\u00e6re et streit jazzband\u00bb, sier komponist Martin Horntveth i Jaga Jazzist. Den 2. februar kommer oktetten p\u00e5 Bod\u00f8-bes\u00f8k."},"titles":{"main":"Jazzister med mange kilder","readMoreButton":"Les mer"},"urls":{"readMore":"\/Artikkelarkiv\/jazzistermedmangekilder-jaga-jazzist","booking":null},"created":{"date":"21.01.2024","time":"23:29","timestamp":1705876140},"introAllowHtml":false,"hasTicket":false,"extra":null,"hasReadMore":true,"media":{"imageData":{"path":"\/sites\/b\/bodojazzopen.no\/files\/jaga_jazzist2_foto_anthony_p._huus.jpg","width":5540,"height":3713,"aspectRatio":1.4920549420953406},"previewImageUrl":"\/sites\/b\/bodojazzopen.no\/files\/jaga_jazzist2_foto_anthony_p._huus.jpg?cropToFit=100x59&quality=50","imageVariants":[{"path":"\/sites\/b\/bodojazzopen.no\/files\/jaga_jazzist2_foto_anthony_p._huus.jpg?cropToFit=100x59&quality=75","width":100,"height":59,"aspectRatio":1.694915254237288},{"path":"\/sites\/b\/bodojazzopen.no\/files\/jaga_jazzist2_foto_anthony_p._huus.jpg?cropToFit=200x118&quality=75","width":200,"height":118,"aspectRatio":1.694915254237288},{"path":"\/sites\/b\/bodojazzopen.no\/files\/jaga_jazzist2_foto_anthony_p._huus.jpg?cropToFit=400x235&quality=75","width":400,"height":235,"aspectRatio":1.702127659574468},{"path":"\/sites\/b\/bodojazzopen.no\/files\/jaga_jazzist2_foto_anthony_p._huus.jpg?cropToFit=600x353&quality=75","width":600,"height":353,"aspectRatio":1.6997167138810199},{"path":"\/sites\/b\/bodojazzopen.no\/files\/jaga_jazzist2_foto_anthony_p._huus.jpg?cropToFit=800x471&quality=75","width":800,"height":471,"aspectRatio":1.6985138004246285},{"path":"\/sites\/b\/bodojazzopen.no\/files\/jaga_jazzist2_foto_anthony_p._huus.jpg?cropToFit=1000x588&quality=75","width":1000,"height":588,"aspectRatio":1.7006802721088434},{"path":"\/sites\/b\/bodojazzopen.no\/files\/jaga_jazzist2_foto_anthony_p._huus.jpg?cropToFit=1200x706&quality=75","width":1200,"height":706,"aspectRatio":1.6997167138810199}],"image":"\/sites\/b\/bodojazzopen.no\/files\/jaga_jazzist2_foto_anthony_p._huus.jpg","aspect":1.694915254237288,"type":"image","description":null},"additionalData":[]},{"classes":["outercol"],"isFavourite":false,"isExternalUrl":{"articleLink":false},"articleListButtonsData":{"buttonsList":[{"label":"Les mer","url":"\/Artikkelarkiv\/jorntilbodomednymusikk-jorn-oien","type":"readmore"}],"mode":"default"},"favouriteType":null,"mnu":null,"section":null,"displayId":true,"docId":1990,"identifier":"1990Article","docType":"Article","customDate":false,"teaserData":{"teaserText":"","mode":"default"},"content":{"teaser":"","intro":"Plata til Cosmopolitan viser at komponist J\u00f8rn \u00d8ien er i musikalsk bevegelse. P\u00e5 Sinus spiller kvintetten den 30. januar."},"titles":{"main":"J\u00f8rn til Bod\u00f8 med ny musikk","readMoreButton":"Les mer"},"urls":{"readMore":"\/Artikkelarkiv\/jorntilbodomednymusikk-jorn-oien","booking":null},"created":{"date":"18.01.2024","time":"04:18","timestamp":1705547880},"introAllowHtml":false,"hasTicket":false,"extra":null,"hasReadMore":true,"media":{"imageData":{"path":"\/sites\/b\/bodojazzopen.no\/files\/j__rn___ien2.jpg","width":6000,"height":4000,"aspectRatio":1.5},"previewImageUrl":"\/sites\/b\/bodojazzopen.no\/files\/j__rn___ien2.jpg?cropToFit=100x59&quality=50","imageVariants":[{"path":"\/sites\/b\/bodojazzopen.no\/files\/j__rn___ien2.jpg?cropToFit=100x59&quality=75","width":100,"height":59,"aspectRatio":1.694915254237288},{"path":"\/sites\/b\/bodojazzopen.no\/files\/j__rn___ien2.jpg?cropToFit=200x118&quality=75","width":200,"height":118,"aspectRatio":1.694915254237288},{"path":"\/sites\/b\/bodojazzopen.no\/files\/j__rn___ien2.jpg?cropToFit=400x235&quality=75","width":400,"height":235,"aspectRatio":1.702127659574468},{"path":"\/sites\/b\/bodojazzopen.no\/files\/j__rn___ien2.jpg?cropToFit=600x353&quality=75","width":600,"height":353,"aspectRatio":1.6997167138810199},{"path":"\/sites\/b\/bodojazzopen.no\/files\/j__rn___ien2.jpg?cropToFit=800x471&quality=75","width":800,"height":471,"aspectRatio":1.6985138004246285},{"path":"\/sites\/b\/bodojazzopen.no\/files\/j__rn___ien2.jpg?cropToFit=1000x588&quality=75","width":1000,"height":588,"aspectRatio":1.7006802721088434},{"path":"\/sites\/b\/bodojazzopen.no\/files\/j__rn___ien2.jpg?cropToFit=1200x706&quality=75","width":1200,"height":706,"aspectRatio":1.6997167138810199}],"image":"\/sites\/b\/bodojazzopen.no\/files\/j__rn___ien2.jpg","aspect":1.694915254237288,"type":"image","description":null},"additionalData":[]},{"classes":["outercol"],"isFavourite":false,"isExternalUrl":{"articleLink":false},"articleListButtonsData":{"buttonsList":[{"label":"Les mer","url":"\/Artikkelarkiv\/medinternasjonalsuksessibagasjen-marius-neset","type":"readmore"}],"mode":"default"},"favouriteType":null,"mnu":null,"section":null,"displayId":true,"docId":1829,"identifier":"1829Article","docType":"Article","customDate":false,"teaserData":{"teaserText":"","mode":"default"},"content":{"teaser":"","intro":"Med \u00abGeyser\u00bb figurerer Marius Neset i prestisjetunge avstemninger over fjor\u00e5rets beste jazzalbum. Den 31. januar spiller han p\u00e5 Sinus med sin nye kvintett."},"titles":{"main":"Med internasjonal suksess i bagasjen","readMoreButton":"Les mer"},"urls":{"readMore":"\/Artikkelarkiv\/medinternasjonalsuksessibagasjen-marius-neset","booking":null},"created":{"date":"14.01.2024","time":"14:03","timestamp":1705237380},"introAllowHtml":false,"hasTicket":false,"extra":null,"hasReadMore":true,"media":{"imageData":{"path":"\/sites\/b\/bodojazzopen.no\/files\/dsc_1400.jpg","width":2493,"height":1659,"aspectRatio":1.5027124773960217},"previewImageUrl":"\/sites\/b\/bodojazzopen.no\/files\/dsc_1400.jpg?cropToFit=100x59&quality=50","imageVariants":[{"path":"\/sites\/b\/bodojazzopen.no\/files\/dsc_1400.jpg?cropToFit=100x59&quality=75","width":100,"height":59,"aspectRatio":1.694915254237288},{"path":"\/sites\/b\/bodojazzopen.no\/files\/dsc_1400.jpg?cropToFit=200x118&quality=75","width":200,"height":118,"aspectRatio":1.694915254237288},{"path":"\/sites\/b\/bodojazzopen.no\/files\/dsc_1400.jpg?cropToFit=400x235&quality=75","width":400,"height":235,"aspectRatio":1.702127659574468},{"path":"\/sites\/b\/bodojazzopen.no\/files\/dsc_1400.jpg?cropToFit=600x353&quality=75","width":600,"height":353,"aspectRatio":1.6997167138810199},{"path":"\/sites\/b\/bodojazzopen.no\/files\/dsc_1400.jpg?cropToFit=800x471&quality=75","width":800,"height":471,"aspectRatio":1.6985138004246285},{"path":"\/sites\/b\/bodojazzopen.no\/files\/dsc_1400.jpg?cropToFit=1000x588&quality=75","width":1000,"height":588,"aspectRatio":1.7006802721088434},{"path":"\/sites\/b\/bodojazzopen.no\/files\/dsc_1400.jpg?cropToFit=1200x706&quality=75","width":1200,"height":706,"aspectRatio":1.6997167138810199}],"image":"\/sites\/b\/bodojazzopen.no\/files\/dsc_1400.jpg","aspect":1.694915254237288,"type":"image","description":null},"additionalData":[]},{"classes":["outercol"],"isFavourite":false,"isExternalUrl":{"articleLink":false},"articleListButtonsData":{"buttonsList":[{"label":"Les mer","url":"\/Artikkelarkiv\/etslags40aarsjubileum-hoff-nergaard","type":"readmore"}],"mode":"default"},"favouriteType":null,"mnu":null,"section":null,"displayId":true,"docId":1827,"identifier":"1827Article","docType":"Article","customDate":false,"teaserData":{"teaserText":"","mode":"default"},"content":{"teaser":"","intro":"Silje Nergaard og Jan Gunnar Hoff delte scene f\u00f8rste gang i 1984. P\u00e5 tross av at begge synes \u00e5 ha glemt begivenheten, blir duo konserten under Bod\u00f8 Jazz Open et slags 40-\u00e5rsjubileum. Stor interesse har resultert i ei ekstra forestilling."},"titles":{"main":"Et slags 40-\u00e5rsjubileum","readMoreButton":"Les mer"},"urls":{"readMore":"\/Artikkelarkiv\/etslags40aarsjubileum-hoff-nergaard","booking":null},"created":{"date":"14.01.2024","time":"13:43","timestamp":1705236180},"introAllowHtml":false,"hasTicket":false,"extra":null,"hasReadMore":true,"media":{"imageData":{"path":"\/sites\/b\/bodojazzopen.no\/files\/img_5229.jpg","width":4008,"height":2463,"aspectRatio":1.6272838002436054},"previewImageUrl":"\/sites\/b\/bodojazzopen.no\/files\/img_5229.jpg?cropToFit=100x59&quality=50","imageVariants":[{"path":"\/sites\/b\/bodojazzopen.no\/files\/img_5229.jpg?cropToFit=100x59&quality=75","width":100,"height":59,"aspectRatio":1.694915254237288},{"path":"\/sites\/b\/bodojazzopen.no\/files\/img_5229.jpg?cropToFit=200x118&quality=75","width":200,"height":118,"aspectRatio":1.694915254237288},{"path":"\/sites\/b\/bodojazzopen.no\/files\/img_5229.jpg?cropToFit=400x235&quality=75","width":400,"height":235,"aspectRatio":1.702127659574468},{"path":"\/sites\/b\/bodojazzopen.no\/files\/img_5229.jpg?cropToFit=600x353&quality=75","width":600,"height":353,"aspectRatio":1.6997167138810199},{"path":"\/sites\/b\/bodojazzopen.no\/files\/img_5229.jpg?cropToFit=800x471&quality=75","width":800,"height":471,"aspectRatio":1.6985138004246285},{"path":"\/sites\/b\/bodojazzopen.no\/files\/img_5229.jpg?cropToFit=1000x588&quality=75","width":1000,"height":588,"aspectRatio":1.7006802721088434},{"path":"\/sites\/b\/bodojazzopen.no\/files\/img_5229.jpg?cropToFit=1200x706&quality=75","width":1200,"height":706,"aspectRatio":1.6997167138810199}],"image":"\/sites\/b\/bodojazzopen.no\/files\/img_5229.jpg","aspect":1.694915254237288,"type":"image","description":null},"additionalData":[]},{"classes":["outercol"],"isFavourite":false,"isExternalUrl":{"articleLink":false},"articleListButtonsData":{"buttonsList":[{"label":"Les mer","url":"\/Artikkelarkiv\/bjo2024_profil","type":"readmore"}],"mode":"default"},"favouriteType":null,"mnu":null,"section":null,"displayId":true,"docId":1528,"identifier":"1528Article","docType":"Article","customDate":false,"teaserData":{"teaserText":"","mode":"default"},"content":{"teaser":"","intro":""},"titles":{"main":"Jan Gunnar Hoff er Bod\u00f8 Jazz Open-profil 2024","readMoreButton":"Les mer"},"urls":{"readMore":"\/Artikkelarkiv\/bjo2024_profil","booking":null},"created":{"date":"30.11.2023","time":"13:30","timestamp":1701347400},"introAllowHtml":false,"hasTicket":false,"extra":null,"hasReadMore":true,"media":{"imageData":{"path":"\/sites\/b\/bodojazzopen.no\/files\/2023\/11\/jan_gunnar_hoff.jpg","width":2700,"height":1800,"aspectRatio":1.5},"previewImageUrl":"\/sites\/b\/bodojazzopen.no\/files\/2023\/11\/jan_gunnar_hoff.jpg?cropToFit=100x59&quality=50","imageVariants":[{"path":"\/sites\/b\/bodojazzopen.no\/files\/2023\/11\/jan_gunnar_hoff.jpg?cropToFit=100x59&quality=75","width":100,"height":59,"aspectRatio":1.694915254237288},{"path":"\/sites\/b\/bodojazzopen.no\/files\/2023\/11\/jan_gunnar_hoff.jpg?cropToFit=200x118&quality=75","width":200,"height":118,"aspectRatio":1.694915254237288},{"path":"\/sites\/b\/bodojazzopen.no\/files\/2023\/11\/jan_gunnar_hoff.jpg?cropToFit=400x235&quality=75","width":400,"height":235,"aspectRatio":1.702127659574468},{"path":"\/sites\/b\/bodojazzopen.no\/files\/2023\/11\/jan_gunnar_hoff.jpg?cropToFit=600x353&quality=75","width":600,"height":353,"aspectRatio":1.6997167138810199},{"path":"\/sites\/b\/bodojazzopen.no\/files\/2023\/11\/jan_gunnar_hoff.jpg?cropToFit=800x471&quality=75","width":800,"height":471,"aspectRatio":1.6985138004246285},{"path":"\/sites\/b\/bodojazzopen.no\/files\/2023\/11\/jan_gunnar_hoff.jpg?cropToFit=1000x588&quality=75","width":1000,"height":588,"aspectRatio":1.7006802721088434},{"path":"\/sites\/b\/bodojazzopen.no\/files\/2023\/11\/jan_gunnar_hoff.jpg?cropToFit=1200x706&quality=75","width":1200,"height":706,"aspectRatio":1.6997167138810199}],"image":"\/sites\/b\/bodojazzopen.no\/files\/2023\/11\/jan_gunnar_hoff.jpg","aspect":1.694915254237288,"type":"image","description":null},"additionalData":[]},{"classes":["outercol"],"isFavourite":false,"isExternalUrl":{"articleLink":false},"articleListButtonsData":{"buttonsList":[{"label":"Les mer","url":"\/Artikkelarkiv\/ostbo","type":"readmore"}],"mode":"default"},"favouriteType":null,"mnu":null,"section":null,"displayId":true,"docId":1505,"identifier":"1505Article","docType":"Article","customDate":false,"teaserData":{"teaserText":"","mode":"default"},"content":{"teaser":"","intro":"\u00d8stb\u00f8 er fra f\u00f8r en aktiv sponsor av kultur- og idrettslivet i Nord-Norge, og n\u00e5 er det Bod\u00f8 Jazz Open som f\u00e5r gleden av \u00e5 ha \u00d8stb\u00f8 med p\u00e5 laget."},"titles":{"main":"\u00d8stb\u00f8 AS inng\u00e5r sponsoravtale med Bod\u00f8 Jazz Open","readMoreButton":"Les mer"},"urls":{"readMore":"\/Artikkelarkiv\/ostbo","booking":null},"created":{"date":"27.11.2023","time":"20:29","timestamp":1701113340},"introAllowHtml":false,"hasTicket":false,"extra":null,"hasReadMore":true,"media":{"imageData":{"path":"\/sites\/b\/bodojazzopen.no\/files\/2023\/11\/ostbo_bjo_2.jpg","width":3024,"height":4032,"aspectRatio":0.75},"previewImageUrl":"\/sites\/b\/bodojazzopen.no\/files\/2023\/11\/ostbo_bjo_2.jpg?cropToFit=100x59&quality=50","imageVariants":[{"path":"\/sites\/b\/bodojazzopen.no\/files\/2023\/11\/ostbo_bjo_2.jpg?cropToFit=100x59&quality=75","width":100,"height":59,"aspectRatio":1.694915254237288},{"path":"\/sites\/b\/bodojazzopen.no\/files\/2023\/11\/ostbo_bjo_2.jpg?cropToFit=200x118&quality=75","width":200,"height":118,"aspectRatio":1.694915254237288},{"path":"\/sites\/b\/bodojazzopen.no\/files\/2023\/11\/ostbo_bjo_2.jpg?cropToFit=400x235&quality=75","width":400,"height":235,"aspectRatio":1.702127659574468},{"path":"\/sites\/b\/bodojazzopen.no\/files\/2023\/11\/ostbo_bjo_2.jpg?cropToFit=600x353&quality=75","width":600,"height":353,"aspectRatio":1.6997167138810199},{"path":"\/sites\/b\/bodojazzopen.no\/files\/2023\/11\/ostbo_bjo_2.jpg?cropToFit=800x471&quality=75","width":800,"height":471,"aspectRatio":1.6985138004246285},{"path":"\/sites\/b\/bodojazzopen.no\/files\/2023\/11\/ostbo_bjo_2.jpg?cropToFit=1000x588&quality=75","width":1000,"height":588,"aspectRatio":1.7006802721088434},{"path":"\/sites\/b\/bodojazzopen.no\/files\/2023\/11\/ostbo_bjo_2.jpg?cropToFit=1200x706&quality=75","width":1200,"height":706,"aspectRatio":1.6997167138810199}],"image":"\/sites\/b\/bodojazzopen.no\/files\/2023\/11\/ostbo_bjo_2.jpg","aspect":1.694915254237288,"type":"image","description":null},"additionalData":[]},{"classes":["outercol"],"isFavourite":false,"isExternalUrl":{"articleLink":false},"articleListButtonsData":{"buttonsList":[{"label":"Les mer","url":"\/Artikkelarkiv\/Coop-Nordland-forlenger-sponsoravtale-med-Bod\u00f8-Jazz-Open","type":"readmore"}],"mode":"default"},"favouriteType":null,"mnu":null,"section":null,"displayId":true,"docId":1448,"identifier":"1448Article","docType":"Article","customDate":false,"teaserData":{"teaserText":"","mode":"default"},"content":{"teaser":"","intro":"Festivalsjef Erik Johansen er veldig forn\u00f8yd med at Coop Nordland blir med videre som sponsor og samarbeidspartner med jazzfestivalen. "},"titles":{"main":"Coop Nordland forlenger sponsoravtale med Bod\u00f8 Jazz Open","readMoreButton":"Les mer"},"urls":{"readMore":"\/Artikkelarkiv\/Coop-Nordland-forlenger-sponsoravtale-med-Bod\u00f8-Jazz-Open","booking":null},"created":{"date":"14.11.2023","time":"15:06","timestamp":1699970760},"introAllowHtml":false,"hasTicket":false,"extra":null,"hasReadMore":true,"media":{"imageData":{"path":"\/sites\/b\/bodojazzopen.no\/files\/2023\/11\/coop_nordland_sponsor_foto.jpg","width":1667,"height":2500,"aspectRatio":0.6668},"previewImageUrl":"\/sites\/b\/bodojazzopen.no\/files\/2023\/11\/coop_nordland_sponsor_foto.jpg?cropToFit=100x59&quality=50","imageVariants":[{"path":"\/sites\/b\/bodojazzopen.no\/files\/2023\/11\/coop_nordland_sponsor_foto.jpg?cropToFit=100x59&quality=75","width":100,"height":59,"aspectRatio":1.694915254237288},{"path":"\/sites\/b\/bodojazzopen.no\/files\/2023\/11\/coop_nordland_sponsor_foto.jpg?cropToFit=200x118&quality=75","width":200,"height":118,"aspectRatio":1.694915254237288},{"path":"\/sites\/b\/bodojazzopen.no\/files\/2023\/11\/coop_nordland_sponsor_foto.jpg?cropToFit=400x235&quality=75","width":400,"height":235,"aspectRatio":1.702127659574468},{"path":"\/sites\/b\/bodojazzopen.no\/files\/2023\/11\/coop_nordland_sponsor_foto.jpg?cropToFit=600x353&quality=75","width":600,"height":353,"aspectRatio":1.6997167138810199},{"path":"\/sites\/b\/bodojazzopen.no\/files\/2023\/11\/coop_nordland_sponsor_foto.jpg?cropToFit=800x471&quality=75","width":800,"height":471,"aspectRatio":1.6985138004246285},{"path":"\/sites\/b\/bodojazzopen.no\/files\/2023\/11\/coop_nordland_sponsor_foto.jpg?cropToFit=1000x588&quality=75","width":1000,"height":588,"aspectRatio":1.7006802721088434},{"path":"\/sites\/b\/bodojazzopen.no\/files\/2023\/11\/coop_nordland_sponsor_foto.jpg?cropToFit=1200x706&quality=75","width":1200,"height":706,"aspectRatio":1.6997167138810199}],"image":"\/sites\/b\/bodojazzopen.no\/files\/2023\/11\/coop_nordland_sponsor_foto.jpg","aspect":1.694915254237288,"type":"image","description":null},"additionalData":[]},{"classes":["outercol"],"isFavourite":false,"isExternalUrl":{"articleLink":false},"articleListButtonsData":{"buttonsList":[{"label":"Les mer","url":"\/Artikkelarkiv\/ventil-for-galskap-gurls","type":"readmore"}],"mode":"default"},"favouriteType":null,"mnu":null,"section":null,"displayId":true,"docId":1126,"identifier":"1126Article","docType":"Article","customDate":false,"teaserData":{"teaserText":"En samtale med Hanna Paulsberg","mode":"default"},"content":{"teaser":"En samtale med Hanna Paulsberg","intro":"Det blir en fest med groovy, dansbar musikk, sier komponist Hanna Paulsberg. L\u00f8rdag g\u00e5r hun og trioen GURLS p\u00e5 scenen i Bod\u00f8 sammen med Trondheim Jazzorkester."},"titles":{"main":"Ventil for galskap","readMoreButton":"Les mer"},"urls":{"readMore":"\/Artikkelarkiv\/ventil-for-galskap-gurls","booking":null},"created":{"date":"30.01.2023","time":"16:50","timestamp":1675093800},"introAllowHtml":false,"hasTicket":false,"extra":null,"hasReadMore":true,"media":{"imageData":{"path":"\/sites\/b\/bodojazzopen.no\/files\/jk3a0206.jpg","width":5169,"height":3446,"aspectRatio":1.5},"previewImageUrl":"\/sites\/b\/bodojazzopen.no\/files\/jk3a0206.jpg?cropToFit=100x59&quality=50","imageVariants":[{"path":"\/sites\/b\/bodojazzopen.no\/files\/jk3a0206.jpg?cropToFit=100x59&quality=75","width":100,"height":59,"aspectRatio":1.694915254237288},{"path":"\/sites\/b\/bodojazzopen.no\/files\/jk3a0206.jpg?cropToFit=200x118&quality=75","width":200,"height":118,"aspectRatio":1.694915254237288},{"path":"\/sites\/b\/bodojazzopen.no\/files\/jk3a0206.jpg?cropToFit=400x235&quality=75","width":400,"height":235,"aspectRatio":1.702127659574468},{"path":"\/sites\/b\/bodojazzopen.no\/files\/jk3a0206.jpg?cropToFit=600x353&quality=75","width":600,"height":353,"aspectRatio":1.6997167138810199},{"path":"\/sites\/b\/bodojazzopen.no\/files\/jk3a0206.jpg?cropToFit=800x471&quality=75","width":800,"height":471,"aspectRatio":1.6985138004246285},{"path":"\/sites\/b\/bodojazzopen.no\/files\/jk3a0206.jpg?cropToFit=1000x588&quality=75","width":1000,"height":588,"aspectRatio":1.7006802721088434},{"path":"\/sites\/b\/bodojazzopen.no\/files\/jk3a0206.jpg?cropToFit=1200x706&quality=75","width":1200,"height":706,"aspectRatio":1.6997167138810199}],"image":"\/sites\/b\/bodojazzopen.no\/files\/jk3a0206.jpg","aspect":1.694915254237288,"type":"image","description":null},"additionalData":[]},{"classes":["outercol"],"isFavourite":false,"isExternalUrl":{"articleLink":false},"articleListButtonsData":{"buttonsList":[{"label":"Les mer","url":"https:\/\/bodojazzopen.no\/mitt-program-2024","type":"readmore"}],"mode":"default"},"favouriteType":null,"mnu":null,"section":null,"displayId":true,"docId":1118,"identifier":"1118Article","docType":"Article","customDate":false,"teaserData":{"teaserText":"","mode":"default"},"content":{"teaser":"","intro":"Planlegg din festival ved \u00e5 velge dine egne favoritter fra programmet. "},"titles":{"main":"Lag ditt eget festivalprogram!","readMoreButton":"Les mer"},"urls":{"readMore":"https:\/\/bodojazzopen.no\/mitt-program-2024","booking":null},"created":{"date":"30.01.2023","time":"10:47","timestamp":1675072020},"introAllowHtml":false,"hasTicket":false,"extra":null,"hasReadMore":true,"media":{"imageData":{"path":"\/sites\/b\/bodojazzopen.no\/files\/2024\/01\/mitt-program_1920x1080_2.jpg","width":1920,"height":1080,"aspectRatio":1.7777777777777777},"previewImageUrl":"\/sites\/b\/bodojazzopen.no\/files\/2024\/01\/mitt-program_1920x1080_2.jpg?cropToFit=100x59&quality=50","imageVariants":[{"path":"\/sites\/b\/bodojazzopen.no\/files\/2024\/01\/mitt-program_1920x1080_2.jpg?cropToFit=100x59&quality=75","width":100,"height":59,"aspectRatio":1.694915254237288},{"path":"\/sites\/b\/bodojazzopen.no\/files\/2024\/01\/mitt-program_1920x1080_2.jpg?cropToFit=200x118&quality=75","width":200,"height":118,"aspectRatio":1.694915254237288},{"path":"\/sites\/b\/bodojazzopen.no\/files\/2024\/01\/mitt-program_1920x1080_2.jpg?cropToFit=400x235&quality=75","width":400,"height":235,"aspectRatio":1.702127659574468},{"path":"\/sites\/b\/bodojazzopen.no\/files\/2024\/01\/mitt-program_1920x1080_2.jpg?cropToFit=600x353&quality=75","width":600,"height":353,"aspectRatio":1.6997167138810199},{"path":"\/sites\/b\/bodojazzopen.no\/files\/2024\/01\/mitt-program_1920x1080_2.jpg?cropToFit=800x471&quality=75","width":800,"height":471,"aspectRatio":1.6985138004246285},{"path":"\/sites\/b\/bodojazzopen.no\/files\/2024\/01\/mitt-program_1920x1080_2.jpg?cropToFit=1000x588&quality=75","width":1000,"height":588,"aspectRatio":1.7006802721088434},{"path":"\/sites\/b\/bodojazzopen.no\/files\/2024\/01\/mitt-program_1920x1080_2.jpg?cropToFit=1200x706&quality=75","width":1200,"height":706,"aspectRatio":1.6997167138810199}],"image":"\/sites\/b\/bodojazzopen.no\/files\/2024\/01\/mitt-program_1920x1080_2.jpg","aspect":1.694915254237288,"type":"image","description":null},"additionalData":[]},{"classes":["outercol"],"isFavourite":false,"isExternalUrl":{"articleLink":false},"articleListButtonsData":{"buttonsList":[{"label":"Les mer","url":"\/Artikkelarkiv\/morten-gunnar-larsen-fra-jazzens-vugge","type":"readmore"}],"mode":"default"},"favouriteType":null,"mnu":null,"section":null,"displayId":true,"docId":1082,"identifier":"1082Article","docType":"Article","customDate":false,"teaserData":{"teaserText":"av Kjell Nordeng","mode":"default"},"content":{"teaser":"av Kjell Nordeng","intro":"Det blir musikk fra jazzens vugge, n\u00e5r \u00abThe Professor of Jazz\u00bb, Morten Gunnar Larsen, setter seg p\u00e5 pianokrakken i Jakhellng\u00e5rden den 4. februar."},"titles":{"main":"Musikk fra jazzens vugge","readMoreButton":"Les mer"},"urls":{"readMore":"\/Artikkelarkiv\/morten-gunnar-larsen-fra-jazzens-vugge","booking":null},"created":{"date":"26.01.2023","time":"14:15","timestamp":1674738900},"introAllowHtml":false,"hasTicket":false,"extra":null,"hasReadMore":true,"media":{"imageData":{"path":"\/sites\/b\/bodojazzopen.no\/files\/morten_gunnar_larsen_bjo23_1920x1080_profil_u-tekst.jpg","width":1920,"height":1080,"aspectRatio":1.7777777777777777},"previewImageUrl":"\/sites\/b\/bodojazzopen.no\/files\/morten_gunnar_larsen_bjo23_1920x1080_profil_u-tekst.jpg?cropToFit=100x59&quality=50","imageVariants":[{"path":"\/sites\/b\/bodojazzopen.no\/files\/morten_gunnar_larsen_bjo23_1920x1080_profil_u-tekst.jpg?cropToFit=100x59&quality=75","width":100,"height":59,"aspectRatio":1.694915254237288},{"path":"\/sites\/b\/bodojazzopen.no\/files\/morten_gunnar_larsen_bjo23_1920x1080_profil_u-tekst.jpg?cropToFit=200x118&quality=75","width":200,"height":118,"aspectRatio":1.694915254237288},{"path":"\/sites\/b\/bodojazzopen.no\/files\/morten_gunnar_larsen_bjo23_1920x1080_profil_u-tekst.jpg?cropToFit=400x235&quality=75","width":400,"height":235,"aspectRatio":1.702127659574468},{"path":"\/sites\/b\/bodojazzopen.no\/files\/morten_gunnar_larsen_bjo23_1920x1080_profil_u-tekst.jpg?cropToFit=600x353&quality=75","width":600,"height":353,"aspectRatio":1.6997167138810199},{"path":"\/sites\/b\/bodojazzopen.no\/files\/morten_gunnar_larsen_bjo23_1920x1080_profil_u-tekst.jpg?cropToFit=800x471&quality=75","width":800,"height":471,"aspectRatio":1.6985138004246285},{"path":"\/sites\/b\/bodojazzopen.no\/files\/morten_gunnar_larsen_bjo23_1920x1080_profil_u-tekst.jpg?cropToFit=1000x588&quality=75","width":1000,"height":588,"aspectRatio":1.7006802721088434},{"path":"\/sites\/b\/bodojazzopen.no\/files\/morten_gunnar_larsen_bjo23_1920x1080_profil_u-tekst.jpg?cropToFit=1200x706&quality=75","width":1200,"height":706,"aspectRatio":1.6997167138810199}],"image":"\/sites\/b\/bodojazzopen.no\/files\/morten_gunnar_larsen_bjo23_1920x1080_profil_u-tekst.jpg","aspect":1.694915254237288,"type":"image","description":null},"additionalData":[]},{"classes":["outercol"],"isFavourite":false,"isExternalUrl":{"articleLink":false},"articleListButtonsData":{"buttonsList":[{"label":"Les mer","url":"\/Artikkelarkiv\/inger-nordvik-bred-musikalsk-bakgrunn","type":"readmore"}],"mode":"default"},"favouriteType":null,"mnu":null,"section":null,"displayId":true,"docId":1000,"identifier":"1000Article","docType":"Article","customDate":false,"teaserData":{"teaserText":"En samtale med Inger Norvik f\u00f8r Bod\u00f8 Jazz Open 2023","mode":"default"},"content":{"teaser":"En samtale med Inger Norvik f\u00f8r Bod\u00f8 Jazz Open 2023","intro":"Begeistrede anmeldere trekker fram b\u00e5de Joni Mitchell, Kate Bush og den ville nordnorske naturen i beskrivelsen av musikken hennes. Selv bruker Inger Nordvik andre begreper for \u00e5 definere sitt kunstneriske uttrykk."},"titles":{"main":"Artist med bred musikalsk bakgrunn","readMoreButton":"Les mer"},"urls":{"readMore":"\/Artikkelarkiv\/inger-nordvik-bred-musikalsk-bakgrunn","booking":null},"created":{"date":"17.01.2023","time":"15:10","timestamp":1673964600},"introAllowHtml":false,"hasTicket":false,"extra":null,"hasReadMore":true,"media":{"imageData":{"path":"\/sites\/b\/bodojazzopen.no\/files\/inger_nordvik_1_foto_charles_mignot.jpg","width":5337,"height":3558,"aspectRatio":1.5},"previewImageUrl":"\/sites\/b\/bodojazzopen.no\/files\/inger_nordvik_1_foto_charles_mignot.jpg?cropToFit=100x59&quality=50","imageVariants":[{"path":"\/sites\/b\/bodojazzopen.no\/files\/inger_nordvik_1_foto_charles_mignot.jpg?cropToFit=100x59&quality=75","width":100,"height":59,"aspectRatio":1.694915254237288},{"path":"\/sites\/b\/bodojazzopen.no\/files\/inger_nordvik_1_foto_charles_mignot.jpg?cropToFit=200x118&quality=75","width":200,"height":118,"aspectRatio":1.694915254237288},{"path":"\/sites\/b\/bodojazzopen.no\/files\/inger_nordvik_1_foto_charles_mignot.jpg?cropToFit=400x235&quality=75","width":400,"height":235,"aspectRatio":1.702127659574468},{"path":"\/sites\/b\/bodojazzopen.no\/files\/inger_nordvik_1_foto_charles_mignot.jpg?cropToFit=600x353&quality=75","width":600,"height":353,"aspectRatio":1.6997167138810199},{"path":"\/sites\/b\/bodojazzopen.no\/files\/inger_nordvik_1_foto_charles_mignot.jpg?cropToFit=800x471&quality=75","width":800,"height":471,"aspectRatio":1.6985138004246285},{"path":"\/sites\/b\/bodojazzopen.no\/files\/inger_nordvik_1_foto_charles_mignot.jpg?cropToFit=1000x588&quality=75","width":1000,"height":588,"aspectRatio":1.7006802721088434},{"path":"\/sites\/b\/bodojazzopen.no\/files\/inger_nordvik_1_foto_charles_mignot.jpg?cropToFit=1200x706&quality=75","width":1200,"height":706,"aspectRatio":1.6997167138810199}],"image":"\/sites\/b\/bodojazzopen.no\/files\/inger_nordvik_1_foto_charles_mignot.jpg","aspect":1.694915254237288,"type":"image","description":null},"additionalData":[]},{"classes":["outercol"],"isFavourite":false,"isExternalUrl":{"articleLink":false},"articleListButtonsData":{"buttonsList":[{"label":"Les mer","url":"\/Artikkelarkiv\/beharie-med-soul-i-rosten","type":"readmore"}],"mode":"default"},"favouriteType":null,"mnu":null,"section":null,"displayId":true,"docId":995,"identifier":"995Article","docType":"Article","customDate":false,"teaserData":{"teaserText":"av Kjell Nordeng","mode":"default"},"content":{"teaser":"av Kjell Nordeng","intro":"Han har r\u00f8tter b\u00e5de i moderne og eldre soulmusikk. Beharie tar med bandet sitt til Bod\u00f8 Jazz Open og Beddingen kulturhus den 3. februar."},"titles":{"main":"Med soul i r\u00f8sten","readMoreButton":"Les mer"},"urls":{"readMore":"\/Artikkelarkiv\/beharie-med-soul-i-rosten","booking":null},"created":{"date":"17.01.2023","time":"13:21","timestamp":1673958060},"introAllowHtml":false,"hasTicket":false,"extra":null,"hasReadMore":true,"media":{"imageData":{"path":"\/sites\/b\/bodojazzopen.no\/files\/beharie_bjo23_1920x1080_u-tekst.png","width":1920,"height":1080,"aspectRatio":1.7777777777777777},"previewImageUrl":"\/sites\/b\/bodojazzopen.no\/files\/beharie_bjo23_1920x1080_u-tekst.png?cropToFit=100x59&quality=50","imageVariants":[{"path":"\/sites\/b\/bodojazzopen.no\/files\/beharie_bjo23_1920x1080_u-tekst.png?cropToFit=100x59&quality=75","width":100,"height":59,"aspectRatio":1.694915254237288},{"path":"\/sites\/b\/bodojazzopen.no\/files\/beharie_bjo23_1920x1080_u-tekst.png?cropToFit=200x118&quality=75","width":200,"height":118,"aspectRatio":1.694915254237288},{"path":"\/sites\/b\/bodojazzopen.no\/files\/beharie_bjo23_1920x1080_u-tekst.png?cropToFit=400x235&quality=75","width":400,"height":235,"aspectRatio":1.702127659574468},{"path":"\/sites\/b\/bodojazzopen.no\/files\/beharie_bjo23_1920x1080_u-tekst.png?cropToFit=600x353&quality=75","width":600,"height":353,"aspectRatio":1.6997167138810199},{"path":"\/sites\/b\/bodojazzopen.no\/files\/beharie_bjo23_1920x1080_u-tekst.png?cropToFit=800x471&quality=75","width":800,"height":471,"aspectRatio":1.6985138004246285},{"path":"\/sites\/b\/bodojazzopen.no\/files\/beharie_bjo23_1920x1080_u-tekst.png?cropToFit=1000x588&quality=75","width":1000,"height":588,"aspectRatio":1.7006802721088434},{"path":"\/sites\/b\/bodojazzopen.no\/files\/beharie_bjo23_1920x1080_u-tekst.png?cropToFit=1200x706&quality=75","width":1200,"height":706,"aspectRatio":1.6997167138810199}],"image":"\/sites\/b\/bodojazzopen.no\/files\/beharie_bjo23_1920x1080_u-tekst.png","aspect":1.694915254237288,"type":"image","description":null},"additionalData":[]},{"classes":["outercol"],"isFavourite":false,"isExternalUrl":{"articleLink":false},"articleListButtonsData":{"buttonsList":[{"label":"Les mer","url":"\/Artikkelarkiv\/fest_p\u00e5_Quality_Ramsalt_Hotel","type":"readmore"}],"mode":"default"},"favouriteType":null,"mnu":null,"section":null,"displayId":true,"docId":784,"identifier":"784Article","docType":"Article","customDate":false,"teaserData":{"teaserText":"Fest p\u00e5 Quality Ramsalt Hotel","mode":"default"},"content":{"teaser":"Fest p\u00e5 Quality Ramsalt Hotel","intro":"Det blir en skikkelig fest p\u00e5 Quality Ramsalt Hotel n\u00e5r Adam Douglas spiller med Bod\u00f8 Big Band for aller f\u00f8rste gang. I tillegg skal Magnolia Jazzband hylle de store New-Orleansmusikerne!"},"titles":{"main":"Bod\u00f8 Big Band med Adam Douglas + Magnolia Jazzband","readMoreButton":"Les mer"},"urls":{"readMore":"\/Artikkelarkiv\/fest_p\u00e5_Quality_Ramsalt_Hotel","booking":null},"created":{"date":"21.12.2022","time":"11:16","timestamp":1671617760},"introAllowHtml":false,"hasTicket":false,"extra":null,"hasReadMore":true,"media":{"imageData":{"path":"\/sites\/b\/bodojazzopen.no\/files\/_dsf3211_adamdouglas_foto_jens.a.storaker.jpg","width":4896,"height":3264,"aspectRatio":1.5},"previewImageUrl":"\/sites\/b\/bodojazzopen.no\/files\/_dsf3211_adamdouglas_foto_jens.a.storaker.jpg?cropToFit=100x59&quality=50","imageVariants":[{"path":"\/sites\/b\/bodojazzopen.no\/files\/_dsf3211_adamdouglas_foto_jens.a.storaker.jpg?cropToFit=100x59&quality=75","width":100,"height":59,"aspectRatio":1.694915254237288},{"path":"\/sites\/b\/bodojazzopen.no\/files\/_dsf3211_adamdouglas_foto_jens.a.storaker.jpg?cropToFit=200x118&quality=75","width":200,"height":118,"aspectRatio":1.694915254237288},{"path":"\/sites\/b\/bodojazzopen.no\/files\/_dsf3211_adamdouglas_foto_jens.a.storaker.jpg?cropToFit=400x235&quality=75","width":400,"height":235,"aspectRatio":1.702127659574468},{"path":"\/sites\/b\/bodojazzopen.no\/files\/_dsf3211_adamdouglas_foto_jens.a.storaker.jpg?cropToFit=600x353&quality=75","width":600,"height":353,"aspectRatio":1.6997167138810199},{"path":"\/sites\/b\/bodojazzopen.no\/files\/_dsf3211_adamdouglas_foto_jens.a.storaker.jpg?cropToFit=800x471&quality=75","width":800,"height":471,"aspectRatio":1.6985138004246285},{"path":"\/sites\/b\/bodojazzopen.no\/files\/_dsf3211_adamdouglas_foto_jens.a.storaker.jpg?cropToFit=1000x588&quality=75","width":1000,"height":588,"aspectRatio":1.7006802721088434},{"path":"\/sites\/b\/bodojazzopen.no\/files\/_dsf3211_adamdouglas_foto_jens.a.storaker.jpg?cropToFit=1200x706&quality=75","width":1200,"height":706,"aspectRatio":1.6997167138810199}],"image":"\/sites\/b\/bodojazzopen.no\/files\/_dsf3211_adamdouglas_foto_jens.a.storaker.jpg","aspect":1.694915254237288,"type":"image","description":null},"additionalData":[]},{"classes":["outercol"],"isFavourite":false,"isExternalUrl":{"articleLink":false},"articleListButtonsData":{"buttonsList":[{"label":"Les mer","url":"\/Artikkelarkiv\/med-new-orleans-musikken-i-hjertet","type":"readmore"}],"mode":"default"},"favouriteType":null,"mnu":null,"section":null,"displayId":true,"docId":768,"identifier":"768Article","docType":"Article","customDate":false,"teaserData":{"teaserText":"En samtale med Gunnar Gotaas, leder for Magnolia Jazzband","mode":"default"},"content":{"teaser":"En samtale med Gunnar Gotaas, leder for Magnolia Jazzband","intro":"Han har sitt opphav i Salten, men hjertet hans ligger i New Orleans-musikken. Under Bod\u00f8 Jazz Open gir Gunnar Gotaas og Magnolia Jazzband to konserter."},"titles":{"main":"Med New Orleans-musikken i hjertet","readMoreButton":"Les mer"},"urls":{"readMore":"\/Artikkelarkiv\/med-new-orleans-musikken-i-hjertet","booking":null},"created":{"date":"18.12.2022","time":"17:48","timestamp":1671382080},"introAllowHtml":false,"hasTicket":false,"extra":null,"hasReadMore":true,"media":{"imageData":{"path":"\/sites\/b\/bodojazzopen.no\/files\/magnolia_jazzband_by_ken_ingwersen-2020b.jpg","width":6000,"height":4000,"aspectRatio":1.5},"previewImageUrl":"\/sites\/b\/bodojazzopen.no\/files\/magnolia_jazzband_by_ken_ingwersen-2020b.jpg?cropToFit=100x59&quality=50","imageVariants":[{"path":"\/sites\/b\/bodojazzopen.no\/files\/magnolia_jazzband_by_ken_ingwersen-2020b.jpg?cropToFit=100x59&quality=75","width":100,"height":59,"aspectRatio":1.694915254237288},{"path":"\/sites\/b\/bodojazzopen.no\/files\/magnolia_jazzband_by_ken_ingwersen-2020b.jpg?cropToFit=200x118&quality=75","width":200,"height":118,"aspectRatio":1.694915254237288},{"path":"\/sites\/b\/bodojazzopen.no\/files\/magnolia_jazzband_by_ken_ingwersen-2020b.jpg?cropToFit=400x235&quality=75","width":400,"height":235,"aspectRatio":1.702127659574468},{"path":"\/sites\/b\/bodojazzopen.no\/files\/magnolia_jazzband_by_ken_ingwersen-2020b.jpg?cropToFit=600x353&quality=75","width":600,"height":353,"aspectRatio":1.6997167138810199},{"path":"\/sites\/b\/bodojazzopen.no\/files\/magnolia_jazzband_by_ken_ingwersen-2020b.jpg?cropToFit=800x471&quality=75","width":800,"height":471,"aspectRatio":1.6985138004246285},{"path":"\/sites\/b\/bodojazzopen.no\/files\/magnolia_jazzband_by_ken_ingwersen-2020b.jpg?cropToFit=1000x588&quality=75","width":1000,"height":588,"aspectRatio":1.7006802721088434},{"path":"\/sites\/b\/bodojazzopen.no\/files\/magnolia_jazzband_by_ken_ingwersen-2020b.jpg?cropToFit=1200x706&quality=75","width":1200,"height":706,"aspectRatio":1.6997167138810199}],"image":"\/sites\/b\/bodojazzopen.no\/files\/magnolia_jazzband_by_ken_ingwersen-2020b.jpg","aspect":1.694915254237288,"type":"image","description":null},"additionalData":[]},{"classes":["outercol"],"isFavourite":false,"isExternalUrl":{"articleLink":false},"articleListButtonsData":{"buttonsList":[{"label":"Les mer","url":"\/Artikkelarkiv\/betydelig-kulturell-avstand-sammen-er-de-en-perfekt-match","type":"readmore"}],"mode":"default"},"favouriteType":null,"mnu":null,"section":null,"displayId":true,"docId":764,"identifier":"764Article","docType":"Article","customDate":false,"teaserData":{"teaserText":"Bli kjent med artistene som \u00e5pner Bod\u00f8 Jazz Open 2023","mode":"default"},"content":{"teaser":"Bli kjent med artistene som \u00e5pner Bod\u00f8 Jazz Open 2023","intro":"\u00abVi har hatt planer om \u00e5 gj\u00f8re noe sammen lenge. Under h\u00f8stens Smeltedigel-festival fikk vi endelig realisert planenom en felles konsert. Det ga mersmak\u00bb, sier Sigrid Brennhaug og England Brooks."},"titles":{"main":"Sigrid er fra Grane, England fra Los Angeles. Sammen er de en perfekt match.","readMoreButton":"Les mer"},"urls":{"readMore":"\/Artikkelarkiv\/betydelig-kulturell-avstand-sammen-er-de-en-perfekt-match","booking":null},"created":{"date":"18.12.2022","time":"17:25","timestamp":1671380700},"introAllowHtml":false,"hasTicket":false,"extra":null,"hasReadMore":true,"media":{"imageData":{"path":"\/sites\/b\/bodojazzopen.no\/files\/england_brooks___sigrid_brennhaug_band_1920x1080_u-tekst_1.webp","width":1920,"height":1080,"aspectRatio":1.7777777777777777},"previewImageUrl":"\/sites\/b\/bodojazzopen.no\/files\/england_brooks___sigrid_brennhaug_band_1920x1080_u-tekst_1.webp?cropToFit=100x59&quality=50","imageVariants":[{"path":"\/sites\/b\/bodojazzopen.no\/files\/england_brooks___sigrid_brennhaug_band_1920x1080_u-tekst_1.webp?cropToFit=100x59&quality=75","width":100,"height":59,"aspectRatio":1.694915254237288},{"path":"\/sites\/b\/bodojazzopen.no\/files\/england_brooks___sigrid_brennhaug_band_1920x1080_u-tekst_1.webp?cropToFit=200x118&quality=75","width":200,"height":118,"aspectRatio":1.694915254237288},{"path":"\/sites\/b\/bodojazzopen.no\/files\/england_brooks___sigrid_brennhaug_band_1920x1080_u-tekst_1.webp?cropToFit=400x235&quality=75","width":400,"height":235,"aspectRatio":1.702127659574468},{"path":"\/sites\/b\/bodojazzopen.no\/files\/england_brooks___sigrid_brennhaug_band_1920x1080_u-tekst_1.webp?cropToFit=600x353&quality=75","width":600,"height":353,"aspectRatio":1.6997167138810199},{"path":"\/sites\/b\/bodojazzopen.no\/files\/england_brooks___sigrid_brennhaug_band_1920x1080_u-tekst_1.webp?cropToFit=800x471&quality=75","width":800,"height":471,"aspectRatio":1.6985138004246285},{"path":"\/sites\/b\/bodojazzopen.no\/files\/england_brooks___sigrid_brennhaug_band_1920x1080_u-tekst_1.webp?cropToFit=1000x588&quality=75","width":1000,"height":588,"aspectRatio":1.7006802721088434},{"path":"\/sites\/b\/bodojazzopen.no\/files\/england_brooks___sigrid_brennhaug_band_1920x1080_u-tekst_1.webp?cropToFit=1200x706&quality=75","width":1200,"height":706,"aspectRatio":1.6997167138810199}],"image":"\/sites\/b\/bodojazzopen.no\/files\/england_brooks___sigrid_brennhaug_band_1920x1080_u-tekst_1.webp","aspect":1.694915254237288,"type":"image","description":null},"additionalData":[]},{"classes":["outercol"],"isFavourite":false,"isExternalUrl":{"articleLink":false},"articleListButtonsData":{"buttonsList":[{"label":"Les mer","url":"\/Artikkelarkiv\/na-lille-humle-bade-for-barn-og-voksne","type":"readmore"}],"mode":"default"},"favouriteType":null,"mnu":null,"section":null,"displayId":true,"docId":759,"identifier":"759Article","docType":"Article","customDate":false,"teaserData":{"teaserText":"En samtale med Tore Johansen f\u00f8r Bod\u00f8 Jazz Open 2023","mode":"default"},"content":{"teaser":"En samtale med Tore Johansen f\u00f8r Bod\u00f8 Jazz Open 2023","intro":"For Tore Johansen er Georg Riedls tonesettinger av Astrid Lindgrens tekster ikke bare for barn.Det tar han konsekvensen av under Bod\u00f8 Jazz Open."},"titles":{"main":"B\u00e5de for barn og voksne","readMoreButton":"Les mer"},"urls":{"readMore":"\/Artikkelarkiv\/na-lille-humle-bade-for-barn-og-voksne","booking":null},"created":{"date":"18.12.2022","time":"16:45","timestamp":1671378300},"introAllowHtml":false,"hasTicket":false,"extra":null,"hasReadMore":true,"media":{"imageData":{"path":"\/sites\/b\/bodojazzopen.no\/files\/_dsc3853_foto_helge_lien.jpg","width":1600,"height":1067,"aspectRatio":1.499531396438613},"previewImageUrl":"\/sites\/b\/bodojazzopen.no\/files\/_dsc3853_foto_helge_lien.jpg?cropToFit=100x59&quality=50","imageVariants":[{"path":"\/sites\/b\/bodojazzopen.no\/files\/_dsc3853_foto_helge_lien.jpg?cropToFit=100x59&quality=75","width":100,"height":59,"aspectRatio":1.694915254237288},{"path":"\/sites\/b\/bodojazzopen.no\/files\/_dsc3853_foto_helge_lien.jpg?cropToFit=200x118&quality=75","width":200,"height":118,"aspectRatio":1.694915254237288},{"path":"\/sites\/b\/bodojazzopen.no\/files\/_dsc3853_foto_helge_lien.jpg?cropToFit=400x235&quality=75","width":400,"height":235,"aspectRatio":1.702127659574468},{"path":"\/sites\/b\/bodojazzopen.no\/files\/_dsc3853_foto_helge_lien.jpg?cropToFit=600x353&quality=75","width":600,"height":353,"aspectRatio":1.6997167138810199},{"path":"\/sites\/b\/bodojazzopen.no\/files\/_dsc3853_foto_helge_lien.jpg?cropToFit=800x471&quality=75","width":800,"height":471,"aspectRatio":1.6985138004246285},{"path":"\/sites\/b\/bodojazzopen.no\/files\/_dsc3853_foto_helge_lien.jpg?cropToFit=1000x588&quality=75","width":1000,"height":588,"aspectRatio":1.7006802721088434},{"path":"\/sites\/b\/bodojazzopen.no\/files\/_dsc3853_foto_helge_lien.jpg?cropToFit=1200x706&quality=75","width":1200,"height":706,"aspectRatio":1.6997167138810199}],"image":"\/sites\/b\/bodojazzopen.no\/files\/_dsc3853_foto_helge_lien.jpg","aspect":1.694915254237288,"type":"image","description":null},"additionalData":[]},{"classes":["outercol"],"isFavourite":false,"isExternalUrl":{"articleLink":false},"articleListButtonsData":{"buttonsList":[{"label":"Les mer","url":"\/Artikkelarkiv\/forlenger-avtale-med-stromselskap","type":"readmore"}],"mode":"default"},"favouriteType":null,"mnu":null,"section":null,"displayId":true,"docId":670,"identifier":"670Article","docType":"Article","customDate":false,"teaserData":{"teaserText":"Bod\u00f8 Energi har v\u00e6rt en viktig st\u00f8ttespiller for Bod\u00f8 Jazz Open i flere \u00e5r. ","mode":"default"},"content":{"teaser":"Bod\u00f8 Energi har v\u00e6rt en viktig st\u00f8ttespiller for Bod\u00f8 Jazz Open i flere \u00e5r. ","intro":"Bod\u00f8 Energi har v\u00e6rt en viktig st\u00f8ttespiller for Bod\u00f8 Jazz Open i flere \u00e5r. "},"titles":{"main":"Forlenger sponsoravtale med str\u00f8mselskap","readMoreButton":"Les mer"},"urls":{"readMore":"\/Artikkelarkiv\/forlenger-avtale-med-stromselskap","booking":null},"created":{"date":"07.12.2022","time":"15:13","timestamp":1670422380},"introAllowHtml":false,"hasTicket":false,"extra":null,"hasReadMore":true,"media":{"imageData":{"path":"\/sites\/b\/bodojazzopen.no\/files\/bjobe-3.jpg","width":6124,"height":4082,"aspectRatio":1.5002449779519844},"previewImageUrl":"\/sites\/b\/bodojazzopen.no\/files\/bjobe-3.jpg?cropToFit=100x59&quality=50","imageVariants":[{"path":"\/sites\/b\/bodojazzopen.no\/files\/bjobe-3.jpg?cropToFit=100x59&quality=75","width":100,"height":59,"aspectRatio":1.694915254237288},{"path":"\/sites\/b\/bodojazzopen.no\/files\/bjobe-3.jpg?cropToFit=200x118&quality=75","width":200,"height":118,"aspectRatio":1.694915254237288},{"path":"\/sites\/b\/bodojazzopen.no\/files\/bjobe-3.jpg?cropToFit=400x235&quality=75","width":400,"height":235,"aspectRatio":1.702127659574468},{"path":"\/sites\/b\/bodojazzopen.no\/files\/bjobe-3.jpg?cropToFit=600x353&quality=75","width":600,"height":353,"aspectRatio":1.6997167138810199},{"path":"\/sites\/b\/bodojazzopen.no\/files\/bjobe-3.jpg?cropToFit=800x471&quality=75","width":800,"height":471,"aspectRatio":1.6985138004246285},{"path":"\/sites\/b\/bodojazzopen.no\/files\/bjobe-3.jpg?cropToFit=1000x588&quality=75","width":1000,"height":588,"aspectRatio":1.7006802721088434},{"path":"\/sites\/b\/bodojazzopen.no\/files\/bjobe-3.jpg?cropToFit=1200x706&quality=75","width":1200,"height":706,"aspectRatio":1.6997167138810199}],"image":"\/sites\/b\/bodojazzopen.no\/files\/bjobe-3.jpg","aspect":1.694915254237288,"type":"image","description":"Festivalsjef i Bod\u00f8 Jazz Open, Erik Johansen og Erling Aalvik, Leder marked og kommunikasjon i Bod?"},"additionalData":[]},{"classes":["outercol"],"isFavourite":false,"isExternalUrl":{"articleLink":false},"articleListButtonsData":{"buttonsList":[{"label":"Les mer","url":"\/Artikkelarkiv\/jazz-soul-and-some-gospel-too","type":"readmore"}],"mode":"default"},"favouriteType":null,"mnu":null,"section":null,"displayId":true,"docId":600,"identifier":"600Article","docType":"Article","customDate":false,"teaserData":{"teaserText":"\u00c5pner Bod\u00f8 Jazz Open 2023","mode":"default"},"content":{"teaser":"\u00c5pner Bod\u00f8 Jazz Open 2023","intro":"England Brooks & Sigrid Brennhaug band \u00e5pner Bod\u00f8 Jazz Open 2023."},"titles":{"main":"Jazz, soul and some gospel too","readMoreButton":"Les mer"},"urls":{"readMore":"\/Artikkelarkiv\/jazz-soul-and-some-gospel-too","booking":null},"created":{"date":"05.12.2022","time":"14:47","timestamp":1670248020},"introAllowHtml":false,"hasTicket":false,"extra":null,"hasReadMore":true,"media":{"imageData":{"path":"\/sites\/b\/bodojazzopen.no\/files\/england_brooks___sigrid_brennhaug_band_1920x1080_u-tekst.png","width":1920,"height":1080,"aspectRatio":1.7777777777777777},"previewImageUrl":"\/sites\/b\/bodojazzopen.no\/files\/england_brooks___sigrid_brennhaug_band_1920x1080_u-tekst.png?cropToFit=100x59&quality=50","imageVariants":[{"path":"\/sites\/b\/bodojazzopen.no\/files\/england_brooks___sigrid_brennhaug_band_1920x1080_u-tekst.png?cropToFit=100x59&quality=75","width":100,"height":59,"aspectRatio":1.694915254237288},{"path":"\/sites\/b\/bodojazzopen.no\/files\/england_brooks___sigrid_brennhaug_band_1920x1080_u-tekst.png?cropToFit=200x118&quality=75","width":200,"height":118,"aspectRatio":1.694915254237288},{"path":"\/sites\/b\/bodojazzopen.no\/files\/england_brooks___sigrid_brennhaug_band_1920x1080_u-tekst.png?cropToFit=400x235&quality=75","width":400,"height":235,"aspectRatio":1.702127659574468},{"path":"\/sites\/b\/bodojazzopen.no\/files\/england_brooks___sigrid_brennhaug_band_1920x1080_u-tekst.png?cropToFit=600x353&quality=75","width":600,"height":353,"aspectRatio":1.6997167138810199},{"path":"\/sites\/b\/bodojazzopen.no\/files\/england_brooks___sigrid_brennhaug_band_1920x1080_u-tekst.png?cropToFit=800x471&quality=75","width":800,"height":471,"aspectRatio":1.6985138004246285},{"path":"\/sites\/b\/bodojazzopen.no\/files\/england_brooks___sigrid_brennhaug_band_1920x1080_u-tekst.png?cropToFit=1000x588&quality=75","width":1000,"height":588,"aspectRatio":1.7006802721088434},{"path":"\/sites\/b\/bodojazzopen.no\/files\/england_brooks___sigrid_brennhaug_band_1920x1080_u-tekst.png?cropToFit=1200x706&quality=75","width":1200,"height":706,"aspectRatio":1.6997167138810199}],"image":"\/sites\/b\/bodojazzopen.no\/files\/england_brooks___sigrid_brennhaug_band_1920x1080_u-tekst.png","aspect":1.694915254237288,"type":"image","description":null},"additionalData":[]},{"classes":["outercol"],"isFavourite":false,"isExternalUrl":{"articleLink":false},"articleListButtonsData":{"buttonsList":[{"label":"Les mer","url":"\/Artikkelarkiv\/angelique-kidjo-jeg-gleder-meg-veldig","type":"readmore"}],"mode":"default"},"favouriteType":null,"mnu":null,"section":null,"displayId":true,"docId":512,"identifier":"512Article","docType":"Article","customDate":false,"teaserData":{"teaserText":"Intervju av Lasse Jang\u00e5s i Arktisk Filharmoni","mode":"default"},"content":{"teaser":"Intervju av Lasse Jang\u00e5s i Arktisk Filharmoni","intro":"- \u00c5 spille med et stort orkester, som Arktisk Filharmoni, er en ny og morsom utfordring."},"titles":{"main":"\u2013 Jeg gleder meg veldig!","readMoreButton":"Les mer"},"urls":{"readMore":"\/Artikkelarkiv\/angelique-kidjo-jeg-gleder-meg-veldig","booking":null},"created":{"date":"04.10.2022","time":"11:44","timestamp":1664876640},"introAllowHtml":false,"hasTicket":false,"extra":null,"hasReadMore":true,"media":{"imageData":{"path":"\/sites\/b\/bodojazzopen.no\/files\/angelique_kidjo_2_2017_credit_sofia_and_mauro.jpg","width":6858,"height":4601,"aspectRatio":1.4905455335796567},"previewImageUrl":"\/sites\/b\/bodojazzopen.no\/files\/angelique_kidjo_2_2017_credit_sofia_and_mauro.jpg?cropToFit=100x59&quality=50","imageVariants":[{"path":"\/sites\/b\/bodojazzopen.no\/files\/angelique_kidjo_2_2017_credit_sofia_and_mauro.jpg?cropToFit=100x59&quality=75","width":100,"height":59,"aspectRatio":1.694915254237288},{"path":"\/sites\/b\/bodojazzopen.no\/files\/angelique_kidjo_2_2017_credit_sofia_and_mauro.jpg?cropToFit=200x118&quality=75","width":200,"height":118,"aspectRatio":1.694915254237288},{"path":"\/sites\/b\/bodojazzopen.no\/files\/angelique_kidjo_2_2017_credit_sofia_and_mauro.jpg?cropToFit=400x235&quality=75","width":400,"height":235,"aspectRatio":1.702127659574468},{"path":"\/sites\/b\/bodojazzopen.no\/files\/angelique_kidjo_2_2017_credit_sofia_and_mauro.jpg?cropToFit=600x353&quality=75","width":600,"height":353,"aspectRatio":1.6997167138810199},{"path":"\/sites\/b\/bodojazzopen.no\/files\/angelique_kidjo_2_2017_credit_sofia_and_mauro.jpg?cropToFit=800x471&quality=75","width":800,"height":471,"aspectRatio":1.6985138004246285},{"path":"\/sites\/b\/bodojazzopen.no\/files\/angelique_kidjo_2_2017_credit_sofia_and_mauro.jpg?cropToFit=1000x588&quality=75","width":1000,"height":588,"aspectRatio":1.7006802721088434},{"path":"\/sites\/b\/bodojazzopen.no\/files\/angelique_kidjo_2_2017_credit_sofia_and_mauro.jpg?cropToFit=1200x706&quality=75","width":1200,"height":706,"aspectRatio":1.6997167138810199}],"image":"\/sites\/b\/bodojazzopen.no\/files\/angelique_kidjo_2_2017_credit_sofia_and_mauro.jpg","aspect":1.694915254237288,"type":"image","description":null},"additionalData":[]},{"classes":["outercol"],"isFavourite":false,"isExternalUrl":{"articleLink":false},"articleListButtonsData":{"buttonsList":[{"label":"Les mer","url":"\/Artikkelarkiv\/fruktbart-samarbeid-til-begeistring","type":"readmore"}],"mode":"default"},"favouriteType":null,"mnu":null,"section":null,"displayId":true,"docId":417,"identifier":"417Article","docType":"Article","customDate":false,"teaserData":{"teaserText":"Bod\u00f8 Jazz Open 2023","mode":"default"},"content":{"teaser":"Bod\u00f8 Jazz Open 2023","intro":"Bod\u00f8 Jazz Open, Nordlysfestivalen og Arktisk Filharmoni presenterer Angelique Kidjo SINGS med fullt orkester."},"titles":{"main":"Fruktbart samarbeid til begeistring","readMoreButton":"Les mer"},"urls":{"readMore":"\/Artikkelarkiv\/fruktbart-samarbeid-til-begeistring","booking":null},"created":{"date":"22.09.2022","time":"20:54","timestamp":1663872840},"introAllowHtml":false,"hasTicket":false,"extra":null,"hasReadMore":true,"media":{"imageData":{"path":"\/sites\/b\/bodojazzopen.no\/files\/angelique_kidjo_bjo23_1920x1080_u-profil.png","width":1920,"height":1080,"aspectRatio":1.7777777777777777},"previewImageUrl":"\/sites\/b\/bodojazzopen.no\/files\/angelique_kidjo_bjo23_1920x1080_u-profil.png?cropToFit=100x59&quality=50","imageVariants":[{"path":"\/sites\/b\/bodojazzopen.no\/files\/angelique_kidjo_bjo23_1920x1080_u-profil.png?cropToFit=100x59&quality=75","width":100,"height":59,"aspectRatio":1.694915254237288},{"path":"\/sites\/b\/bodojazzopen.no\/files\/angelique_kidjo_bjo23_1920x1080_u-profil.png?cropToFit=200x118&quality=75","width":200,"height":118,"aspectRatio":1.694915254237288},{"path":"\/sites\/b\/bodojazzopen.no\/files\/angelique_kidjo_bjo23_1920x1080_u-profil.png?cropToFit=400x235&quality=75","width":400,"height":235,"aspectRatio":1.702127659574468},{"path":"\/sites\/b\/bodojazzopen.no\/files\/angelique_kidjo_bjo23_1920x1080_u-profil.png?cropToFit=600x353&quality=75","width":600,"height":353,"aspectRatio":1.6997167138810199},{"path":"\/sites\/b\/bodojazzopen.no\/files\/angelique_kidjo_bjo23_1920x1080_u-profil.png?cropToFit=800x471&quality=75","width":800,"height":471,"aspectRatio":1.6985138004246285},{"path":"\/sites\/b\/bodojazzopen.no\/files\/angelique_kidjo_bjo23_1920x1080_u-profil.png?cropToFit=1000x588&quality=75","width":1000,"height":588,"aspectRatio":1.7006802721088434},{"path":"\/sites\/b\/bodojazzopen.no\/files\/angelique_kidjo_bjo23_1920x1080_u-profil.png?cropToFit=1200x706&quality=75","width":1200,"height":706,"aspectRatio":1.6997167138810199}],"image":"\/sites\/b\/bodojazzopen.no\/files\/angelique_kidjo_bjo23_1920x1080_u-profil.png","aspect":1.694915254237288,"type":"image","description":null},"additionalData":[]}],"pages":[1,2],"currentPage":1,"sections":[]}