{"articles":[{"classes":["outercol"],"isFavourite":false,"isExternalUrl":{"articleLink":false},"articleListButtonsData":{"buttonsList":[{"label":"Les mer","url":"\/artister2018\/?Article=149","type":"readmore"}],"mode":"default"},"favouriteType":null,"mnu":null,"section":null,"displayId":true,"docId":149,"identifier":"149Article","docType":"Article","customDate":false,"teaserData":{"teaserText":"3. feb l\u00f8rdag kl. 23.59","mode":"default"},"content":{"teaser":"3. feb l\u00f8rdag kl. 23.59","intro":"Dama di"},"titles":{"main":"Nattjam","readMoreButton":"Les mer"},"urls":{"readMore":"\/artister2018\/?Article=149","booking":null},"created":{"date":"21.12.2017","time":"13:24","timestamp":1513859040},"introAllowHtml":false,"hasTicket":false,"extra":null,"hasReadMore":true,"media":{"imageData":{"path":"\/sites\/b\/bodojazzopen.no\/files\/nattjam_bjo_bw.jpg","width":2500,"height":1406,"aspectRatio":1.7780938833570412},"previewImageUrl":"\/sites\/b\/bodojazzopen.no\/files\/nattjam_bjo_bw.jpg?cropToFit=100x59&quality=50","imageVariants":[{"path":"\/sites\/b\/bodojazzopen.no\/files\/nattjam_bjo_bw.jpg?cropToFit=100x59&quality=75","width":100,"height":59,"aspectRatio":1.694915254237288},{"path":"\/sites\/b\/bodojazzopen.no\/files\/nattjam_bjo_bw.jpg?cropToFit=200x118&quality=75","width":200,"height":118,"aspectRatio":1.694915254237288},{"path":"\/sites\/b\/bodojazzopen.no\/files\/nattjam_bjo_bw.jpg?cropToFit=400x235&quality=75","width":400,"height":235,"aspectRatio":1.702127659574468},{"path":"\/sites\/b\/bodojazzopen.no\/files\/nattjam_bjo_bw.jpg?cropToFit=600x353&quality=75","width":600,"height":353,"aspectRatio":1.6997167138810199},{"path":"\/sites\/b\/bodojazzopen.no\/files\/nattjam_bjo_bw.jpg?cropToFit=800x471&quality=75","width":800,"height":471,"aspectRatio":1.6985138004246285},{"path":"\/sites\/b\/bodojazzopen.no\/files\/nattjam_bjo_bw.jpg?cropToFit=1000x588&quality=75","width":1000,"height":588,"aspectRatio":1.7006802721088434},{"path":"\/sites\/b\/bodojazzopen.no\/files\/nattjam_bjo_bw.jpg?cropToFit=1200x706&quality=75","width":1200,"height":706,"aspectRatio":1.6997167138810199}],"image":"\/sites\/b\/bodojazzopen.no\/files\/nattjam_bjo_bw.jpg","aspect":1.694915254237288,"type":"image","description":null},"additionalData":[]},{"classes":["outercol"],"isFavourite":false,"isExternalUrl":{"articleLink":false},"articleListButtonsData":{"buttonsList":[],"mode":"default"},"favouriteType":null,"mnu":null,"section":null,"displayId":true,"docId":153,"identifier":"153Article","docType":"Article","customDate":false,"teaserData":{"teaserText":"3. FEB l\u00f8rdag kl. 23.00","mode":"default"},"content":{"teaser":"3. FEB l\u00f8rdag kl. 23.00","intro":"Hundholmen Brygghus"},"titles":{"main":"DJ Kjell Nordeng","readMoreButton":""},"urls":{"readMore":null,"booking":null},"created":{"date":"21.12.2017","time":"13:44","timestamp":1513860240},"introAllowHtml":false,"hasTicket":false,"extra":null,"hasReadMore":false,"media":{"contexts":[],"previewImageUrl":"","imageVariants":[],"image":null,"aspect":null,"type":"image","description":""},"additionalData":[]},{"classes":["outercol"],"isFavourite":false,"isExternalUrl":{"articleLink":false},"articleListButtonsData":{"buttonsList":[{"label":"Les mer","url":"\/artister2018\/?Article=152","type":"readmore"},{"label":"kj\u00f8p billett","url":"https:\/\/pay.ebillett.no\/velg_antall.php?p_id=1089&arrnr=5434115","type":"booking"}],"mode":"default"},"favouriteType":null,"mnu":null,"section":null,"displayId":true,"docId":152,"identifier":"152Article","docType":"Article","customDate":false,"teaserData":{"teaserText":"3. FEB l\u00f8rdag kl. 19.00","mode":"default"},"content":{"teaser":"3. FEB l\u00f8rdag kl. 19.00","intro":"Vinbaren (\u00abLeiligheta\u00bb i 2. etg. over Dama di)"},"titles":{"main":"Soetkin Baptist og Sveinar Aase","readMoreButton":"Les mer"},"urls":{"readMore":"\/artister2018\/?Article=152","booking":"https:\/\/pay.ebillett.no\/velg_antall.php?p_id=1089&arrnr=5434115"},"created":{"date":"21.12.2017","time":"13:43","timestamp":1513860180},"introAllowHtml":false,"hasTicket":false,"extra":null,"hasReadMore":true,"media":{"imageData":{"path":"\/sites\/b\/bodojazzopen.no\/files\/soetkin_aase_bjo_bw.jpg","width":2500,"height":1406,"aspectRatio":1.7780938833570412},"previewImageUrl":"\/sites\/b\/bodojazzopen.no\/files\/soetkin_aase_bjo_bw.jpg?cropToFit=100x59&quality=50","imageVariants":[{"path":"\/sites\/b\/bodojazzopen.no\/files\/soetkin_aase_bjo_bw.jpg?cropToFit=100x59&quality=75","width":100,"height":59,"aspectRatio":1.694915254237288},{"path":"\/sites\/b\/bodojazzopen.no\/files\/soetkin_aase_bjo_bw.jpg?cropToFit=200x118&quality=75","width":200,"height":118,"aspectRatio":1.694915254237288},{"path":"\/sites\/b\/bodojazzopen.no\/files\/soetkin_aase_bjo_bw.jpg?cropToFit=400x235&quality=75","width":400,"height":235,"aspectRatio":1.702127659574468},{"path":"\/sites\/b\/bodojazzopen.no\/files\/soetkin_aase_bjo_bw.jpg?cropToFit=600x353&quality=75","width":600,"height":353,"aspectRatio":1.6997167138810199},{"path":"\/sites\/b\/bodojazzopen.no\/files\/soetkin_aase_bjo_bw.jpg?cropToFit=800x471&quality=75","width":800,"height":471,"aspectRatio":1.6985138004246285},{"path":"\/sites\/b\/bodojazzopen.no\/files\/soetkin_aase_bjo_bw.jpg?cropToFit=1000x588&quality=75","width":1000,"height":588,"aspectRatio":1.7006802721088434},{"path":"\/sites\/b\/bodojazzopen.no\/files\/soetkin_aase_bjo_bw.jpg?cropToFit=1200x706&quality=75","width":1200,"height":706,"aspectRatio":1.6997167138810199}],"image":"\/sites\/b\/bodojazzopen.no\/files\/soetkin_aase_bjo_bw.jpg","aspect":1.694915254237288,"type":"image","description":null},"additionalData":[]},{"classes":["outercol"],"isFavourite":false,"isExternalUrl":{"articleLink":false},"articleListButtonsData":{"buttonsList":[{"label":"Les mer","url":"\/artister2018\/?Article=151","type":"readmore"}],"mode":"default"},"favouriteType":null,"mnu":null,"section":null,"displayId":true,"docId":151,"identifier":"151Article","docType":"Article","customDate":false,"teaserData":{"teaserText":"3. FEB l\u00f8rdag kl. 13.00","mode":"default"},"content":{"teaser":"3. FEB l\u00f8rdag kl. 13.00","intro":"Tusenhjemmet Kultur- og kunnskapssenter"},"titles":{"main":"Sebastian Rolland Trio","readMoreButton":"Les mer"},"urls":{"readMore":"\/artister2018\/?Article=151","booking":null},"created":{"date":"21.12.2017","time":"13:40","timestamp":1513860000},"introAllowHtml":false,"hasTicket":false,"extra":null,"hasReadMore":true,"media":{"contexts":[],"previewImageUrl":"","imageVariants":[],"image":null,"aspect":null,"type":"image","description":""},"additionalData":[]},{"classes":["outercol"],"isFavourite":false,"isExternalUrl":{"articleLink":false},"articleListButtonsData":{"buttonsList":[{"label":"Les mer","url":"\/artister2018\/?Article=154","type":"readmore"}],"mode":"default"},"favouriteType":null,"mnu":null,"section":null,"displayId":true,"docId":154,"identifier":"154Article","docType":"Article","customDate":false,"teaserData":{"teaserText":"2. FEB fredag kl. 23.00","mode":"default"},"content":{"teaser":"2. FEB fredag kl. 23.00","intro":"Dama di"},"titles":{"main":"Selecta Ronnie Dread (DJ)","readMoreButton":"Les mer"},"urls":{"readMore":"\/artister2018\/?Article=154","booking":null},"created":{"date":"21.12.2017","time":"13:47","timestamp":1513860420},"introAllowHtml":false,"hasTicket":false,"extra":null,"hasReadMore":true,"media":{"contexts":[],"previewImageUrl":"","imageVariants":[],"image":null,"aspect":null,"type":"image","description":""},"additionalData":[]},{"classes":["outercol"],"isFavourite":false,"isExternalUrl":{"articleLink":false},"articleListButtonsData":{"buttonsList":[],"mode":"default"},"favouriteType":null,"mnu":null,"section":null,"displayId":true,"docId":155,"identifier":"155Article","docType":"Article","customDate":false,"teaserData":{"teaserText":"1. FEB torsdag kl. 23.00","mode":"default"},"content":{"teaser":"1. FEB torsdag kl. 23.00","intro":"Dama di"},"titles":{"main":"DJ Bent Artur","readMoreButton":""},"urls":{"readMore":null,"booking":null},"created":{"date":"21.12.2017","time":"13:48","timestamp":1513860480},"introAllowHtml":false,"hasTicket":false,"extra":null,"hasReadMore":false,"media":{"contexts":[],"previewImageUrl":"","imageVariants":[],"image":null,"aspect":null,"type":"image","description":""},"additionalData":[]},{"classes":["outercol"],"isFavourite":false,"isExternalUrl":{"articleLink":false},"articleListButtonsData":{"buttonsList":[{"label":"Les mer","url":"\/artister2018\/?Article=171","type":"readmore"}],"mode":"default"},"favouriteType":null,"mnu":null,"section":null,"displayId":true,"docId":171,"identifier":"171Article","docType":"Article","customDate":false,"teaserData":{"teaserText":"1. feb torsdag kl. 13.00","mode":"default"},"content":{"teaser":"1. feb torsdag kl. 13.00","intro":"Fojaeen, 2. etg i Stormen Konserthus"},"titles":{"main":"Meet Billy Cobham","readMoreButton":"Les mer"},"urls":{"readMore":"\/artister2018\/?Article=171","booking":null},"created":{"date":"31.01.2018","time":"11:39","timestamp":1517395140},"introAllowHtml":false,"hasTicket":false,"extra":null,"hasReadMore":true,"media":{"imageData":{"path":"\/sites\/b\/bodojazzopen.no\/files\/cobham_bjo_bw.jpg","width":1920,"height":1080,"aspectRatio":1.7777777777777777},"previewImageUrl":"\/sites\/b\/bodojazzopen.no\/files\/cobham_bjo_bw.jpg?cropToFit=100x59&quality=50","imageVariants":[{"path":"\/sites\/b\/bodojazzopen.no\/files\/cobham_bjo_bw.jpg?cropToFit=100x59&quality=75","width":100,"height":59,"aspectRatio":1.694915254237288},{"path":"\/sites\/b\/bodojazzopen.no\/files\/cobham_bjo_bw.jpg?cropToFit=200x118&quality=75","width":200,"height":118,"aspectRatio":1.694915254237288},{"path":"\/sites\/b\/bodojazzopen.no\/files\/cobham_bjo_bw.jpg?cropToFit=400x235&quality=75","width":400,"height":235,"aspectRatio":1.702127659574468},{"path":"\/sites\/b\/bodojazzopen.no\/files\/cobham_bjo_bw.jpg?cropToFit=600x353&quality=75","width":600,"height":353,"aspectRatio":1.6997167138810199},{"path":"\/sites\/b\/bodojazzopen.no\/files\/cobham_bjo_bw.jpg?cropToFit=800x471&quality=75","width":800,"height":471,"aspectRatio":1.6985138004246285},{"path":"\/sites\/b\/bodojazzopen.no\/files\/cobham_bjo_bw.jpg?cropToFit=1000x588&quality=75","width":1000,"height":588,"aspectRatio":1.7006802721088434},{"path":"\/sites\/b\/bodojazzopen.no\/files\/cobham_bjo_bw.jpg?cropToFit=1200x706&quality=75","width":1200,"height":706,"aspectRatio":1.6997167138810199}],"image":"\/sites\/b\/bodojazzopen.no\/files\/cobham_bjo_bw.jpg","aspect":1.694915254237288,"type":"image","description":null},"additionalData":[]},{"classes":["outercol"],"isFavourite":false,"isExternalUrl":{"articleLink":false},"articleListButtonsData":{"buttonsList":[{"label":"Les mer","url":"\/artister2018\/?Article=150","type":"readmore"}],"mode":"default"},"favouriteType":null,"mnu":null,"section":null,"displayId":true,"docId":150,"identifier":"150Article","docType":"Article","customDate":false,"teaserData":{"teaserText":"3. feb l\u00f8rdag kl. 18.00","mode":"default"},"content":{"teaser":"3. feb l\u00f8rdag kl. 18.00","intro":"Dama di"},"titles":{"main":"BVGS Musikklinja","readMoreButton":"Les mer"},"urls":{"readMore":"\/artister2018\/?Article=150","booking":null},"created":{"date":"21.12.2017","time":"13:34","timestamp":1513859640},"introAllowHtml":false,"hasTicket":false,"extra":null,"hasReadMore":true,"media":{"imageData":{"path":"\/sites\/b\/bodojazzopen.no\/files\/bvgs_bjo_bw.jpg","width":2500,"height":1406,"aspectRatio":1.7780938833570412},"previewImageUrl":"\/sites\/b\/bodojazzopen.no\/files\/bvgs_bjo_bw.jpg?cropToFit=100x59&quality=50","imageVariants":[{"path":"\/sites\/b\/bodojazzopen.no\/files\/bvgs_bjo_bw.jpg?cropToFit=100x59&quality=75","width":100,"height":59,"aspectRatio":1.694915254237288},{"path":"\/sites\/b\/bodojazzopen.no\/files\/bvgs_bjo_bw.jpg?cropToFit=200x118&quality=75","width":200,"height":118,"aspectRatio":1.694915254237288},{"path":"\/sites\/b\/bodojazzopen.no\/files\/bvgs_bjo_bw.jpg?cropToFit=400x235&quality=75","width":400,"height":235,"aspectRatio":1.702127659574468},{"path":"\/sites\/b\/bodojazzopen.no\/files\/bvgs_bjo_bw.jpg?cropToFit=600x353&quality=75","width":600,"height":353,"aspectRatio":1.6997167138810199},{"path":"\/sites\/b\/bodojazzopen.no\/files\/bvgs_bjo_bw.jpg?cropToFit=800x471&quality=75","width":800,"height":471,"aspectRatio":1.6985138004246285},{"path":"\/sites\/b\/bodojazzopen.no\/files\/bvgs_bjo_bw.jpg?cropToFit=1000x588&quality=75","width":1000,"height":588,"aspectRatio":1.7006802721088434},{"path":"\/sites\/b\/bodojazzopen.no\/files\/bvgs_bjo_bw.jpg?cropToFit=1200x706&quality=75","width":1200,"height":706,"aspectRatio":1.6997167138810199}],"image":"\/sites\/b\/bodojazzopen.no\/files\/bvgs_bjo_bw.jpg","aspect":1.694915254237288,"type":"image","description":null},"additionalData":[]},{"classes":["outercol"],"isFavourite":false,"isExternalUrl":{"articleLink":false},"articleListButtonsData":{"buttonsList":[{"label":"Les mer","url":"\/artister2018\/?Article=144","type":"readmore"}],"mode":"default"},"favouriteType":null,"mnu":null,"section":null,"displayId":true,"docId":144,"identifier":"144Article","docType":"Article","customDate":false,"teaserData":{"teaserText":"2. FEB fredag kl. 12.00","mode":"default"},"content":{"teaser":"2. FEB fredag kl. 12.00","intro":"Tusenhjemmet Kultur- og Kunnskapssenter"},"titles":{"main":"Harald Skjerstads Musikkarkiv","readMoreButton":"Les mer"},"urls":{"readMore":"\/artister2018\/?Article=144","booking":null},"created":{"date":"19.12.2017","time":"12:26","timestamp":1513682760},"introAllowHtml":false,"hasTicket":false,"extra":null,"hasReadMore":true,"media":{"imageData":{"path":"\/sites\/b\/bodojazzopen.no\/files\/harald_skjerstad_bjo_bw.jpg","width":2500,"height":1406,"aspectRatio":1.7780938833570412},"previewImageUrl":"\/sites\/b\/bodojazzopen.no\/files\/harald_skjerstad_bjo_bw.jpg?cropToFit=100x59&quality=50","imageVariants":[{"path":"\/sites\/b\/bodojazzopen.no\/files\/harald_skjerstad_bjo_bw.jpg?cropToFit=100x59&quality=75","width":100,"height":59,"aspectRatio":1.694915254237288},{"path":"\/sites\/b\/bodojazzopen.no\/files\/harald_skjerstad_bjo_bw.jpg?cropToFit=200x118&quality=75","width":200,"height":118,"aspectRatio":1.694915254237288},{"path":"\/sites\/b\/bodojazzopen.no\/files\/harald_skjerstad_bjo_bw.jpg?cropToFit=400x235&quality=75","width":400,"height":235,"aspectRatio":1.702127659574468},{"path":"\/sites\/b\/bodojazzopen.no\/files\/harald_skjerstad_bjo_bw.jpg?cropToFit=600x353&quality=75","width":600,"height":353,"aspectRatio":1.6997167138810199},{"path":"\/sites\/b\/bodojazzopen.no\/files\/harald_skjerstad_bjo_bw.jpg?cropToFit=800x471&quality=75","width":800,"height":471,"aspectRatio":1.6985138004246285},{"path":"\/sites\/b\/bodojazzopen.no\/files\/harald_skjerstad_bjo_bw.jpg?cropToFit=1000x588&quality=75","width":1000,"height":588,"aspectRatio":1.7006802721088434},{"path":"\/sites\/b\/bodojazzopen.no\/files\/harald_skjerstad_bjo_bw.jpg?cropToFit=1200x706&quality=75","width":1200,"height":706,"aspectRatio":1.6997167138810199}],"image":"\/sites\/b\/bodojazzopen.no\/files\/harald_skjerstad_bjo_bw.jpg","aspect":1.694915254237288,"type":"image","description":null},"additionalData":[]},{"classes":["outercol"],"isFavourite":false,"isExternalUrl":{"articleLink":false},"articleListButtonsData":{"buttonsList":[{"label":"Les mer","url":"\/artister2018\/?Article=146","type":"readmore"}],"mode":"default"},"favouriteType":null,"mnu":null,"section":null,"displayId":true,"docId":146,"identifier":"146Article","docType":"Article","customDate":false,"teaserData":{"teaserText":"3. FEB l\u00f8rdag kl. 14.00","mode":"default"},"content":{"teaser":"3. FEB l\u00f8rdag kl. 14.00","intro":"Hundholmen Brygghus \/ Bryggerikaia \/ En Kopp \/ Syd\u00f8st \/ Bod\u00f8 Bakeri \/ Paviljongen \/ Piccadilly \/ Babel \/ Kaptein Larsen \/ Tusenhjemmet Kultur- og Kunnskapssenter"},"titles":{"main":"Jazzkaf\u00e9 (l\u00f8rdag)","readMoreButton":"Les mer"},"urls":{"readMore":"\/artister2018\/?Article=146","booking":null},"created":{"date":"19.12.2017","time":"12:33","timestamp":1513683180},"introAllowHtml":false,"hasTicket":false,"extra":null,"hasReadMore":true,"media":{"imageData":{"path":"\/sites\/b\/bodojazzopen.no\/files\/jazzkafe_bjo_bw_1.jpg","width":2500,"height":1406,"aspectRatio":1.7780938833570412},"previewImageUrl":"\/sites\/b\/bodojazzopen.no\/files\/jazzkafe_bjo_bw_1.jpg?cropToFit=100x59&quality=50","imageVariants":[{"path":"\/sites\/b\/bodojazzopen.no\/files\/jazzkafe_bjo_bw_1.jpg?cropToFit=100x59&quality=75","width":100,"height":59,"aspectRatio":1.694915254237288},{"path":"\/sites\/b\/bodojazzopen.no\/files\/jazzkafe_bjo_bw_1.jpg?cropToFit=200x118&quality=75","width":200,"height":118,"aspectRatio":1.694915254237288},{"path":"\/sites\/b\/bodojazzopen.no\/files\/jazzkafe_bjo_bw_1.jpg?cropToFit=400x235&quality=75","width":400,"height":235,"aspectRatio":1.702127659574468},{"path":"\/sites\/b\/bodojazzopen.no\/files\/jazzkafe_bjo_bw_1.jpg?cropToFit=600x353&quality=75","width":600,"height":353,"aspectRatio":1.6997167138810199},{"path":"\/sites\/b\/bodojazzopen.no\/files\/jazzkafe_bjo_bw_1.jpg?cropToFit=800x471&quality=75","width":800,"height":471,"aspectRatio":1.6985138004246285},{"path":"\/sites\/b\/bodojazzopen.no\/files\/jazzkafe_bjo_bw_1.jpg?cropToFit=1000x588&quality=75","width":1000,"height":588,"aspectRatio":1.7006802721088434},{"path":"\/sites\/b\/bodojazzopen.no\/files\/jazzkafe_bjo_bw_1.jpg?cropToFit=1200x706&quality=75","width":1200,"height":706,"aspectRatio":1.6997167138810199}],"image":"\/sites\/b\/bodojazzopen.no\/files\/jazzkafe_bjo_bw_1.jpg","aspect":1.694915254237288,"type":"image","description":null},"additionalData":[]},{"classes":["outercol"],"isFavourite":false,"isExternalUrl":{"articleLink":false},"articleListButtonsData":{"buttonsList":[{"label":"Les mer","url":"\/artister2018\/?Article=145","type":"readmore"}],"mode":"default"},"favouriteType":null,"mnu":null,"section":null,"displayId":true,"docId":145,"identifier":"145Article","docType":"Article","customDate":false,"teaserData":{"teaserText":"2. FEB fredag kl. 16.00","mode":"default"},"content":{"teaser":"2. FEB fredag kl. 16.00","intro":"Hundholmen Brygghus \/ Bryggerikaia \/ En Kopp \/ Syd\u00f8st \/ Tur Kaf\u00e9 \/ Paviljongen \/ Piccadilly \/ Babel \/ Kaptein Larsen"},"titles":{"main":"Jazzkaf\u00e9 (fredag)","readMoreButton":"Les mer"},"urls":{"readMore":"\/artister2018\/?Article=145","booking":null},"created":{"date":"19.12.2017","time":"12:29","timestamp":1513682940},"introAllowHtml":false,"hasTicket":false,"extra":null,"hasReadMore":true,"media":{"imageData":{"path":"\/sites\/b\/bodojazzopen.no\/files\/jazzkafe_bjo_bw_1.jpg","width":2500,"height":1406,"aspectRatio":1.7780938833570412},"previewImageUrl":"\/sites\/b\/bodojazzopen.no\/files\/jazzkafe_bjo_bw_1.jpg?cropToFit=100x59&quality=50","imageVariants":[{"path":"\/sites\/b\/bodojazzopen.no\/files\/jazzkafe_bjo_bw_1.jpg?cropToFit=100x59&quality=75","width":100,"height":59,"aspectRatio":1.694915254237288},{"path":"\/sites\/b\/bodojazzopen.no\/files\/jazzkafe_bjo_bw_1.jpg?cropToFit=200x118&quality=75","width":200,"height":118,"aspectRatio":1.694915254237288},{"path":"\/sites\/b\/bodojazzopen.no\/files\/jazzkafe_bjo_bw_1.jpg?cropToFit=400x235&quality=75","width":400,"height":235,"aspectRatio":1.702127659574468},{"path":"\/sites\/b\/bodojazzopen.no\/files\/jazzkafe_bjo_bw_1.jpg?cropToFit=600x353&quality=75","width":600,"height":353,"aspectRatio":1.6997167138810199},{"path":"\/sites\/b\/bodojazzopen.no\/files\/jazzkafe_bjo_bw_1.jpg?cropToFit=800x471&quality=75","width":800,"height":471,"aspectRatio":1.6985138004246285},{"path":"\/sites\/b\/bodojazzopen.no\/files\/jazzkafe_bjo_bw_1.jpg?cropToFit=1000x588&quality=75","width":1000,"height":588,"aspectRatio":1.7006802721088434},{"path":"\/sites\/b\/bodojazzopen.no\/files\/jazzkafe_bjo_bw_1.jpg?cropToFit=1200x706&quality=75","width":1200,"height":706,"aspectRatio":1.6997167138810199}],"image":"\/sites\/b\/bodojazzopen.no\/files\/jazzkafe_bjo_bw_1.jpg","aspect":1.694915254237288,"type":"image","description":null},"additionalData":[]},{"classes":["outercol"],"isFavourite":false,"isExternalUrl":{"articleLink":false},"articleListButtonsData":{"buttonsList":[{"label":"Les mer","url":"\/artister2018\/J\u00e5zzongan","type":"readmore"}],"mode":"default"},"favouriteType":null,"mnu":null,"section":null,"displayId":true,"docId":147,"identifier":"147Article","docType":"Article","customDate":false,"teaserData":{"teaserText":"3. FEB l\u00f8rdag kl. 11.00","mode":"default"},"content":{"teaser":"3. FEB l\u00f8rdag kl. 11.00","intro":"Stormen Bibliotek "},"titles":{"main":"J\u00e5zzOngan","readMoreButton":"Les mer"},"urls":{"readMore":"\/artister2018\/J\u00e5zzongan","booking":null},"created":{"date":"19.12.2017","time":"12:37","timestamp":1513683420},"introAllowHtml":false,"hasTicket":false,"extra":null,"hasReadMore":true,"media":{"imageData":{"path":"\/sites\/b\/bodojazzopen.no\/files\/jaazzongan_bw.jpg","width":2048,"height":1365,"aspectRatio":1.5003663003663004},"previewImageUrl":"\/sites\/b\/bodojazzopen.no\/files\/jaazzongan_bw.jpg?cropToFit=100x59&quality=50","imageVariants":[{"path":"\/sites\/b\/bodojazzopen.no\/files\/jaazzongan_bw.jpg?cropToFit=100x59&quality=75","width":100,"height":59,"aspectRatio":1.694915254237288},{"path":"\/sites\/b\/bodojazzopen.no\/files\/jaazzongan_bw.jpg?cropToFit=200x118&quality=75","width":200,"height":118,"aspectRatio":1.694915254237288},{"path":"\/sites\/b\/bodojazzopen.no\/files\/jaazzongan_bw.jpg?cropToFit=400x235&quality=75","width":400,"height":235,"aspectRatio":1.702127659574468},{"path":"\/sites\/b\/bodojazzopen.no\/files\/jaazzongan_bw.jpg?cropToFit=600x353&quality=75","width":600,"height":353,"aspectRatio":1.6997167138810199},{"path":"\/sites\/b\/bodojazzopen.no\/files\/jaazzongan_bw.jpg?cropToFit=800x471&quality=75","width":800,"height":471,"aspectRatio":1.6985138004246285},{"path":"\/sites\/b\/bodojazzopen.no\/files\/jaazzongan_bw.jpg?cropToFit=1000x588&quality=75","width":1000,"height":588,"aspectRatio":1.7006802721088434},{"path":"\/sites\/b\/bodojazzopen.no\/files\/jaazzongan_bw.jpg?cropToFit=1200x706&quality=75","width":1200,"height":706,"aspectRatio":1.6997167138810199}],"image":"\/sites\/b\/bodojazzopen.no\/files\/jaazzongan_bw.jpg","aspect":1.694915254237288,"type":"image","description":null},"additionalData":[]},{"classes":["outercol"],"isFavourite":false,"isExternalUrl":{"articleLink":false},"articleListButtonsData":{"buttonsList":[{"label":"Les mer","url":"\/artister2018\/?Article=148","type":"readmore"}],"mode":"default"},"favouriteType":null,"mnu":null,"section":null,"displayId":true,"docId":148,"identifier":"148Article","docType":"Article","customDate":false,"teaserData":{"teaserText":"2. FEB fredag kl. 13.00","mode":"default"},"content":{"teaser":"2. FEB fredag kl. 13.00","intro":"Bymisjonen"},"titles":{"main":"Arvid Nilsen","readMoreButton":"Les mer"},"urls":{"readMore":"\/artister2018\/?Article=148","booking":null},"created":{"date":"19.12.2017","time":"12:43","timestamp":1513683780},"introAllowHtml":false,"hasTicket":false,"extra":null,"hasReadMore":true,"media":{"imageData":{"path":"\/sites\/b\/bodojazzopen.no\/files\/arvidnilsenfotoaudunselnes_bjo_bw.jpg","width":2500,"height":1406,"aspectRatio":1.7780938833570412},"previewImageUrl":"\/sites\/b\/bodojazzopen.no\/files\/arvidnilsenfotoaudunselnes_bjo_bw.jpg?cropToFit=100x59&quality=50","imageVariants":[{"path":"\/sites\/b\/bodojazzopen.no\/files\/arvidnilsenfotoaudunselnes_bjo_bw.jpg?cropToFit=100x59&quality=75","width":100,"height":59,"aspectRatio":1.694915254237288},{"path":"\/sites\/b\/bodojazzopen.no\/files\/arvidnilsenfotoaudunselnes_bjo_bw.jpg?cropToFit=200x118&quality=75","width":200,"height":118,"aspectRatio":1.694915254237288},{"path":"\/sites\/b\/bodojazzopen.no\/files\/arvidnilsenfotoaudunselnes_bjo_bw.jpg?cropToFit=400x235&quality=75","width":400,"height":235,"aspectRatio":1.702127659574468},{"path":"\/sites\/b\/bodojazzopen.no\/files\/arvidnilsenfotoaudunselnes_bjo_bw.jpg?cropToFit=600x353&quality=75","width":600,"height":353,"aspectRatio":1.6997167138810199},{"path":"\/sites\/b\/bodojazzopen.no\/files\/arvidnilsenfotoaudunselnes_bjo_bw.jpg?cropToFit=800x471&quality=75","width":800,"height":471,"aspectRatio":1.6985138004246285},{"path":"\/sites\/b\/bodojazzopen.no\/files\/arvidnilsenfotoaudunselnes_bjo_bw.jpg?cropToFit=1000x588&quality=75","width":1000,"height":588,"aspectRatio":1.7006802721088434},{"path":"\/sites\/b\/bodojazzopen.no\/files\/arvidnilsenfotoaudunselnes_bjo_bw.jpg?cropToFit=1200x706&quality=75","width":1200,"height":706,"aspectRatio":1.6997167138810199}],"image":"\/sites\/b\/bodojazzopen.no\/files\/arvidnilsenfotoaudunselnes_bjo_bw.jpg","aspect":1.694915254237288,"type":"image","description":null},"additionalData":[]},{"classes":["outercol"],"isFavourite":false,"isExternalUrl":{"articleLink":false},"articleListButtonsData":{"buttonsList":[{"label":"Les mer","url":"\/artister2018\/?Article=142","type":"readmore"},{"label":"kj\u00f8p billett","url":"https:\/\/pay.ebillett.no\/velg_antall.php?p_id=1089&arrnr=5431556","type":"booking"}],"mode":"default"},"favouriteType":null,"mnu":null,"section":null,"displayId":true,"docId":142,"identifier":"142Article","docType":"Article","customDate":false,"teaserData":{"teaserText":"2. feb fredag kl. 23.30","mode":"default"},"content":{"teaser":"2. feb fredag kl. 23.30","intro":"Hundholmen Brygghus "},"titles":{"main":"NATTJAZZ: Funkifize","readMoreButton":"Les mer"},"urls":{"readMore":"\/artister2018\/?Article=142","booking":"https:\/\/pay.ebillett.no\/velg_antall.php?p_id=1089&arrnr=5431556"},"created":{"date":"13.12.2017","time":"11:41","timestamp":1513161660},"introAllowHtml":false,"hasTicket":false,"extra":null,"hasReadMore":true,"media":{"imageData":{"path":"\/sites\/b\/bodojazzopen.no\/files\/funkifize_bjo_bw.jpg","width":2500,"height":1406,"aspectRatio":1.7780938833570412},"previewImageUrl":"\/sites\/b\/bodojazzopen.no\/files\/funkifize_bjo_bw.jpg?cropToFit=100x59&quality=50","imageVariants":[{"path":"\/sites\/b\/bodojazzopen.no\/files\/funkifize_bjo_bw.jpg?cropToFit=100x59&quality=75","width":100,"height":59,"aspectRatio":1.694915254237288},{"path":"\/sites\/b\/bodojazzopen.no\/files\/funkifize_bjo_bw.jpg?cropToFit=200x118&quality=75","width":200,"height":118,"aspectRatio":1.694915254237288},{"path":"\/sites\/b\/bodojazzopen.no\/files\/funkifize_bjo_bw.jpg?cropToFit=400x235&quality=75","width":400,"height":235,"aspectRatio":1.702127659574468},{"path":"\/sites\/b\/bodojazzopen.no\/files\/funkifize_bjo_bw.jpg?cropToFit=600x353&quality=75","width":600,"height":353,"aspectRatio":1.6997167138810199},{"path":"\/sites\/b\/bodojazzopen.no\/files\/funkifize_bjo_bw.jpg?cropToFit=800x471&quality=75","width":800,"height":471,"aspectRatio":1.6985138004246285},{"path":"\/sites\/b\/bodojazzopen.no\/files\/funkifize_bjo_bw.jpg?cropToFit=1000x588&quality=75","width":1000,"height":588,"aspectRatio":1.7006802721088434},{"path":"\/sites\/b\/bodojazzopen.no\/files\/funkifize_bjo_bw.jpg?cropToFit=1200x706&quality=75","width":1200,"height":706,"aspectRatio":1.6997167138810199}],"image":"\/sites\/b\/bodojazzopen.no\/files\/funkifize_bjo_bw.jpg","aspect":1.694915254237288,"type":"image","description":null},"additionalData":[]},{"classes":["outercol"],"isFavourite":false,"isExternalUrl":{"articleLink":false},"articleListButtonsData":{"buttonsList":[{"label":"Les mer","url":"\/artister2018\/?Article=143","type":"readmore"},{"label":"Kj\u00f8p billett","url":"https:\/\/pay.ebillett.no\/velg_antall.php?p_id=1089&arrnr=5431556","type":"booking"}],"mode":"default"},"favouriteType":null,"mnu":null,"section":null,"displayId":true,"docId":143,"identifier":"143Article","docType":"Article","customDate":false,"teaserData":{"teaserText":"2. feb fredag kl. 23.30","mode":"default"},"content":{"teaser":"2. feb fredag kl. 23.30","intro":"Hundholmen Brygghus"},"titles":{"main":"NATTJAZZ: Nypan Trio","readMoreButton":"Les mer"},"urls":{"readMore":"\/artister2018\/?Article=143","booking":"https:\/\/pay.ebillett.no\/velg_antall.php?p_id=1089&arrnr=5431556"},"created":{"date":"13.12.2017","time":"11:45","timestamp":1513161900},"introAllowHtml":false,"hasTicket":false,"extra":null,"hasReadMore":true,"media":{"imageData":{"path":"\/sites\/b\/bodojazzopen.no\/files\/nypan_bjo_bw.jpg","width":2500,"height":1406,"aspectRatio":1.7780938833570412},"previewImageUrl":"\/sites\/b\/bodojazzopen.no\/files\/nypan_bjo_bw.jpg?cropToFit=100x59&quality=50","imageVariants":[{"path":"\/sites\/b\/bodojazzopen.no\/files\/nypan_bjo_bw.jpg?cropToFit=100x59&quality=75","width":100,"height":59,"aspectRatio":1.694915254237288},{"path":"\/sites\/b\/bodojazzopen.no\/files\/nypan_bjo_bw.jpg?cropToFit=200x118&quality=75","width":200,"height":118,"aspectRatio":1.694915254237288},{"path":"\/sites\/b\/bodojazzopen.no\/files\/nypan_bjo_bw.jpg?cropToFit=400x235&quality=75","width":400,"height":235,"aspectRatio":1.702127659574468},{"path":"\/sites\/b\/bodojazzopen.no\/files\/nypan_bjo_bw.jpg?cropToFit=600x353&quality=75","width":600,"height":353,"aspectRatio":1.6997167138810199},{"path":"\/sites\/b\/bodojazzopen.no\/files\/nypan_bjo_bw.jpg?cropToFit=800x471&quality=75","width":800,"height":471,"aspectRatio":1.6985138004246285},{"path":"\/sites\/b\/bodojazzopen.no\/files\/nypan_bjo_bw.jpg?cropToFit=1000x588&quality=75","width":1000,"height":588,"aspectRatio":1.7006802721088434},{"path":"\/sites\/b\/bodojazzopen.no\/files\/nypan_bjo_bw.jpg?cropToFit=1200x706&quality=75","width":1200,"height":706,"aspectRatio":1.6997167138810199}],"image":"\/sites\/b\/bodojazzopen.no\/files\/nypan_bjo_bw.jpg","aspect":1.694915254237288,"type":"image","description":null},"additionalData":[]},{"classes":["outercol"],"isFavourite":false,"isExternalUrl":{"articleLink":false},"articleListButtonsData":{"buttonsList":[{"label":"Les mer","url":"\/artister2018\/are-simonsen","type":"readmore"},{"label":"Kj\u00f8p billett","url":"https:\/\/pay.ebillett.no\/velg_antall.php?p_id=1089&arrnr=5433816","type":"booking"}],"mode":"default"},"favouriteType":null,"mnu":null,"section":null,"displayId":true,"docId":140,"identifier":"140Article","docType":"Article","customDate":false,"teaserData":{"teaserText":"31. jan onsdag kl. 18.00","mode":"default"},"content":{"teaser":"31. jan onsdag kl. 18.00","intro":"Vinbaren (\u00abLeiligheta\u00bb i 2. etg. over Dama di)"},"titles":{"main":"Are Simonsen ","readMoreButton":"Les mer"},"urls":{"readMore":"\/artister2018\/are-simonsen","booking":"https:\/\/pay.ebillett.no\/velg_antall.php?p_id=1089&arrnr=5433816"},"created":{"date":"13.12.2017","time":"11:15","timestamp":1513160100},"introAllowHtml":false,"hasTicket":false,"extra":null,"hasReadMore":true,"media":{"imageData":{"path":"\/sites\/b\/bodojazzopen.no\/files\/are_bjo_bw.jpg","width":2500,"height":1406,"aspectRatio":1.7780938833570412},"previewImageUrl":"\/sites\/b\/bodojazzopen.no\/files\/are_bjo_bw.jpg?cropToFit=100x59&quality=50","imageVariants":[{"path":"\/sites\/b\/bodojazzopen.no\/files\/are_bjo_bw.jpg?cropToFit=100x59&quality=75","width":100,"height":59,"aspectRatio":1.694915254237288},{"path":"\/sites\/b\/bodojazzopen.no\/files\/are_bjo_bw.jpg?cropToFit=200x118&quality=75","width":200,"height":118,"aspectRatio":1.694915254237288},{"path":"\/sites\/b\/bodojazzopen.no\/files\/are_bjo_bw.jpg?cropToFit=400x235&quality=75","width":400,"height":235,"aspectRatio":1.702127659574468},{"path":"\/sites\/b\/bodojazzopen.no\/files\/are_bjo_bw.jpg?cropToFit=600x353&quality=75","width":600,"height":353,"aspectRatio":1.6997167138810199},{"path":"\/sites\/b\/bodojazzopen.no\/files\/are_bjo_bw.jpg?cropToFit=800x471&quality=75","width":800,"height":471,"aspectRatio":1.6985138004246285},{"path":"\/sites\/b\/bodojazzopen.no\/files\/are_bjo_bw.jpg?cropToFit=1000x588&quality=75","width":1000,"height":588,"aspectRatio":1.7006802721088434},{"path":"\/sites\/b\/bodojazzopen.no\/files\/are_bjo_bw.jpg?cropToFit=1200x706&quality=75","width":1200,"height":706,"aspectRatio":1.6997167138810199}],"image":"\/sites\/b\/bodojazzopen.no\/files\/are_bjo_bw.jpg","aspect":1.694915254237288,"type":"image","description":null},"additionalData":[]},{"classes":["outercol"],"isFavourite":false,"isExternalUrl":{"articleLink":false},"articleListButtonsData":{"buttonsList":[{"label":"Les mer","url":"\/artister2018\/juno","type":"readmore"}],"mode":"default"},"favouriteType":null,"mnu":null,"section":null,"displayId":true,"docId":136,"identifier":"136Article","docType":"Article","customDate":false,"teaserData":{"teaserText":"1. feb torsdag kl. 21.30 ","mode":"default"},"content":{"teaser":"1. feb torsdag kl. 21.30 ","intro":"Dama Di"},"titles":{"main":"Juno","readMoreButton":"Les mer"},"urls":{"readMore":"\/artister2018\/juno","booking":null},"created":{"date":"27.11.2017","time":"17:21","timestamp":1511799660},"introAllowHtml":false,"hasTicket":false,"extra":null,"hasReadMore":true,"media":{"imageData":{"path":"\/sites\/b\/bodojazzopen.no\/files\/juno_bjo_bw.jpg","width":2500,"height":1406,"aspectRatio":1.7780938833570412},"previewImageUrl":"\/sites\/b\/bodojazzopen.no\/files\/juno_bjo_bw.jpg?cropToFit=100x59&quality=50","imageVariants":[{"path":"\/sites\/b\/bodojazzopen.no\/files\/juno_bjo_bw.jpg?cropToFit=100x59&quality=75","width":100,"height":59,"aspectRatio":1.694915254237288},{"path":"\/sites\/b\/bodojazzopen.no\/files\/juno_bjo_bw.jpg?cropToFit=200x118&quality=75","width":200,"height":118,"aspectRatio":1.694915254237288},{"path":"\/sites\/b\/bodojazzopen.no\/files\/juno_bjo_bw.jpg?cropToFit=400x235&quality=75","width":400,"height":235,"aspectRatio":1.702127659574468},{"path":"\/sites\/b\/bodojazzopen.no\/files\/juno_bjo_bw.jpg?cropToFit=600x353&quality=75","width":600,"height":353,"aspectRatio":1.6997167138810199},{"path":"\/sites\/b\/bodojazzopen.no\/files\/juno_bjo_bw.jpg?cropToFit=800x471&quality=75","width":800,"height":471,"aspectRatio":1.6985138004246285},{"path":"\/sites\/b\/bodojazzopen.no\/files\/juno_bjo_bw.jpg?cropToFit=1000x588&quality=75","width":1000,"height":588,"aspectRatio":1.7006802721088434},{"path":"\/sites\/b\/bodojazzopen.no\/files\/juno_bjo_bw.jpg?cropToFit=1200x706&quality=75","width":1200,"height":706,"aspectRatio":1.6997167138810199}],"image":"\/sites\/b\/bodojazzopen.no\/files\/juno_bjo_bw.jpg","aspect":1.694915254237288,"type":"image","description":null},"additionalData":[]},{"classes":["outercol"],"isFavourite":false,"isExternalUrl":{"articleLink":false},"articleListButtonsData":{"buttonsList":[{"label":"Les mer","url":"\/artister2018\/annasoulo","type":"readmore"},{"label":"Kj\u00f8p billett","url":"https:\/\/pay.ebillett.no\/velg_antall.php?p_id=144&arrnr=33894","type":"booking"}],"mode":"default"},"favouriteType":null,"mnu":null,"section":null,"displayId":true,"docId":131,"identifier":"131Article","docType":"Article","customDate":false,"teaserData":{"teaserText":"1. feb torsdag kl. 18.00","mode":"default"},"content":{"teaser":"1. feb torsdag kl. 18.00","intro":"\u00abJazzoasen\u00bb, lille sal, Stormen"},"titles":{"main":"\u00c1nn\u00e1suolo","readMoreButton":"Les mer"},"urls":{"readMore":"\/artister2018\/annasoulo","booking":"https:\/\/pay.ebillett.no\/velg_antall.php?p_id=144&arrnr=33894"},"created":{"date":"14.11.2017","time":"14:28","timestamp":1510666080},"introAllowHtml":false,"hasTicket":false,"extra":null,"hasReadMore":true,"media":{"imageData":{"path":"\/sites\/b\/bodojazzopen.no\/files\/nnsuolo_bjo_bw.jpg","width":2500,"height":1666,"aspectRatio":1.5006002400960383},"previewImageUrl":"\/sites\/b\/bodojazzopen.no\/files\/nnsuolo_bjo_bw.jpg?cropToFit=100x59&quality=50","imageVariants":[{"path":"\/sites\/b\/bodojazzopen.no\/files\/nnsuolo_bjo_bw.jpg?cropToFit=100x59&quality=75","width":100,"height":59,"aspectRatio":1.694915254237288},{"path":"\/sites\/b\/bodojazzopen.no\/files\/nnsuolo_bjo_bw.jpg?cropToFit=200x118&quality=75","width":200,"height":118,"aspectRatio":1.694915254237288},{"path":"\/sites\/b\/bodojazzopen.no\/files\/nnsuolo_bjo_bw.jpg?cropToFit=400x235&quality=75","width":400,"height":235,"aspectRatio":1.702127659574468},{"path":"\/sites\/b\/bodojazzopen.no\/files\/nnsuolo_bjo_bw.jpg?cropToFit=600x353&quality=75","width":600,"height":353,"aspectRatio":1.6997167138810199},{"path":"\/sites\/b\/bodojazzopen.no\/files\/nnsuolo_bjo_bw.jpg?cropToFit=800x471&quality=75","width":800,"height":471,"aspectRatio":1.6985138004246285},{"path":"\/sites\/b\/bodojazzopen.no\/files\/nnsuolo_bjo_bw.jpg?cropToFit=1000x588&quality=75","width":1000,"height":588,"aspectRatio":1.7006802721088434},{"path":"\/sites\/b\/bodojazzopen.no\/files\/nnsuolo_bjo_bw.jpg?cropToFit=1200x706&quality=75","width":1200,"height":706,"aspectRatio":1.6997167138810199}],"image":"\/sites\/b\/bodojazzopen.no\/files\/nnsuolo_bjo_bw.jpg","aspect":1.694915254237288,"type":"image","description":null},"additionalData":[]},{"classes":["outercol"],"isFavourite":false,"isExternalUrl":{"articleLink":false},"articleListButtonsData":{"buttonsList":[{"label":"Les mer","url":"\/artister2018\/?Article=125","type":"readmore"},{"label":"Kj\u00f8p billett","url":"https:\/\/pay.ebillett.no\/velg_antall.php?p_id=144&arrnr=33922","type":"booking"}],"mode":"default"},"favouriteType":null,"mnu":null,"section":null,"displayId":true,"docId":125,"identifier":"125Article","docType":"Article","customDate":false,"teaserData":{"teaserText":"2. feb fredag kl. 21.00","mode":"default"},"content":{"teaser":"2. feb fredag kl. 21.00","intro":"Sinus, Stormen"},"titles":{"main":"White Ascot","readMoreButton":"Les mer"},"urls":{"readMore":"\/artister2018\/?Article=125","booking":"https:\/\/pay.ebillett.no\/velg_antall.php?p_id=144&arrnr=33922"},"created":{"date":"02.10.2017","time":"13:25","timestamp":1506943500},"introAllowHtml":false,"hasTicket":false,"extra":null,"hasReadMore":true,"media":{"imageData":{"path":"\/sites\/b\/bodojazzopen.no\/files\/white_ascot_bjo_bw.jpg","width":1920,"height":1080,"aspectRatio":1.7777777777777777},"previewImageUrl":"\/sites\/b\/bodojazzopen.no\/files\/white_ascot_bjo_bw.jpg?cropToFit=100x59&quality=50","imageVariants":[{"path":"\/sites\/b\/bodojazzopen.no\/files\/white_ascot_bjo_bw.jpg?cropToFit=100x59&quality=75","width":100,"height":59,"aspectRatio":1.694915254237288},{"path":"\/sites\/b\/bodojazzopen.no\/files\/white_ascot_bjo_bw.jpg?cropToFit=200x118&quality=75","width":200,"height":118,"aspectRatio":1.694915254237288},{"path":"\/sites\/b\/bodojazzopen.no\/files\/white_ascot_bjo_bw.jpg?cropToFit=400x235&quality=75","width":400,"height":235,"aspectRatio":1.702127659574468},{"path":"\/sites\/b\/bodojazzopen.no\/files\/white_ascot_bjo_bw.jpg?cropToFit=600x353&quality=75","width":600,"height":353,"aspectRatio":1.6997167138810199},{"path":"\/sites\/b\/bodojazzopen.no\/files\/white_ascot_bjo_bw.jpg?cropToFit=800x471&quality=75","width":800,"height":471,"aspectRatio":1.6985138004246285},{"path":"\/sites\/b\/bodojazzopen.no\/files\/white_ascot_bjo_bw.jpg?cropToFit=1000x588&quality=75","width":1000,"height":588,"aspectRatio":1.7006802721088434},{"path":"\/sites\/b\/bodojazzopen.no\/files\/white_ascot_bjo_bw.jpg?cropToFit=1200x706&quality=75","width":1200,"height":706,"aspectRatio":1.6997167138810199}],"image":"\/sites\/b\/bodojazzopen.no\/files\/white_ascot_bjo_bw.jpg","aspect":1.694915254237288,"type":"image","description":null},"additionalData":[]},{"classes":["outercol"],"isFavourite":false,"isExternalUrl":{"articleLink":false},"articleListButtonsData":{"buttonsList":[{"label":"Les mer","url":"\/artister2018\/tlq","type":"readmore"},{"label":"Kj\u00f8p billett","url":"https:\/\/pay.ebillett.no\/velg_antall.php?p_id=144&arrnr=30529","type":"booking"}],"mode":"default"},"favouriteType":null,"mnu":null,"section":null,"displayId":true,"docId":124,"identifier":"124Article","docType":"Article","customDate":false,"teaserData":{"teaserText":"1. feb torsdag kl. 21.00","mode":"default"},"content":{"teaser":"1. feb torsdag kl. 21.00","intro":"Sinus, Stormen"},"titles":{"main":"Tito Lausteen Quintet","readMoreButton":"Les mer"},"urls":{"readMore":"\/artister2018\/tlq","booking":"https:\/\/pay.ebillett.no\/velg_antall.php?p_id=144&arrnr=30529"},"created":{"date":"02.10.2017","time":"13:14","timestamp":1506942840},"introAllowHtml":false,"hasTicket":false,"extra":null,"hasReadMore":true,"media":{"imageData":{"path":"\/sites\/b\/bodojazzopen.no\/files\/tlq_bjo_bw.jpg","width":1920,"height":1080,"aspectRatio":1.7777777777777777},"previewImageUrl":"\/sites\/b\/bodojazzopen.no\/files\/tlq_bjo_bw.jpg?cropToFit=100x59&quality=50","imageVariants":[{"path":"\/sites\/b\/bodojazzopen.no\/files\/tlq_bjo_bw.jpg?cropToFit=100x59&quality=75","width":100,"height":59,"aspectRatio":1.694915254237288},{"path":"\/sites\/b\/bodojazzopen.no\/files\/tlq_bjo_bw.jpg?cropToFit=200x118&quality=75","width":200,"height":118,"aspectRatio":1.694915254237288},{"path":"\/sites\/b\/bodojazzopen.no\/files\/tlq_bjo_bw.jpg?cropToFit=400x235&quality=75","width":400,"height":235,"aspectRatio":1.702127659574468},{"path":"\/sites\/b\/bodojazzopen.no\/files\/tlq_bjo_bw.jpg?cropToFit=600x353&quality=75","width":600,"height":353,"aspectRatio":1.6997167138810199},{"path":"\/sites\/b\/bodojazzopen.no\/files\/tlq_bjo_bw.jpg?cropToFit=800x471&quality=75","width":800,"height":471,"aspectRatio":1.6985138004246285},{"path":"\/sites\/b\/bodojazzopen.no\/files\/tlq_bjo_bw.jpg?cropToFit=1000x588&quality=75","width":1000,"height":588,"aspectRatio":1.7006802721088434},{"path":"\/sites\/b\/bodojazzopen.no\/files\/tlq_bjo_bw.jpg?cropToFit=1200x706&quality=75","width":1200,"height":706,"aspectRatio":1.6997167138810199}],"image":"\/sites\/b\/bodojazzopen.no\/files\/tlq_bjo_bw.jpg","aspect":1.694915254237288,"type":"image","description":null},"additionalData":[]},{"classes":["outercol"],"isFavourite":false,"isExternalUrl":{"articleLink":false},"articleListButtonsData":{"buttonsList":[{"label":"Les mer","url":"\/artister2018\/?Article=117","type":"readmore"},{"label":"Kj\u00f8p billett","url":"https:\/\/pay.ebillett.no\/velg_antall.php?p_id=144&arrnr=33923","type":"booking"}],"mode":"default"},"favouriteType":null,"mnu":null,"section":null,"displayId":true,"docId":117,"identifier":"117Article","docType":"Article","customDate":false,"teaserData":{"teaserText":"3. feb l\u00f8rdag kl. 21.00","mode":"default"},"content":{"teaser":"3. feb l\u00f8rdag kl. 21.00","intro":"Sinus, Stormen"},"titles":{"main":"Rohey","readMoreButton":"Les mer"},"urls":{"readMore":"\/artister2018\/?Article=117","booking":"https:\/\/pay.ebillett.no\/velg_antall.php?p_id=144&arrnr=33923"},"created":{"date":"19.09.2017","time":"20:45","timestamp":1505846700},"introAllowHtml":false,"hasTicket":false,"extra":null,"hasReadMore":true,"media":{"imageData":{"path":"\/sites\/b\/bodojazzopen.no\/files\/rohey_bjo_bw.jpg","width":1920,"height":1080,"aspectRatio":1.7777777777777777},"previewImageUrl":"\/sites\/b\/bodojazzopen.no\/files\/rohey_bjo_bw.jpg?cropToFit=100x59&quality=50","imageVariants":[{"path":"\/sites\/b\/bodojazzopen.no\/files\/rohey_bjo_bw.jpg?cropToFit=100x59&quality=75","width":100,"height":59,"aspectRatio":1.694915254237288},{"path":"\/sites\/b\/bodojazzopen.no\/files\/rohey_bjo_bw.jpg?cropToFit=200x118&quality=75","width":200,"height":118,"aspectRatio":1.694915254237288},{"path":"\/sites\/b\/bodojazzopen.no\/files\/rohey_bjo_bw.jpg?cropToFit=400x235&quality=75","width":400,"height":235,"aspectRatio":1.702127659574468},{"path":"\/sites\/b\/bodojazzopen.no\/files\/rohey_bjo_bw.jpg?cropToFit=600x353&quality=75","width":600,"height":353,"aspectRatio":1.6997167138810199},{"path":"\/sites\/b\/bodojazzopen.no\/files\/rohey_bjo_bw.jpg?cropToFit=800x471&quality=75","width":800,"height":471,"aspectRatio":1.6985138004246285},{"path":"\/sites\/b\/bodojazzopen.no\/files\/rohey_bjo_bw.jpg?cropToFit=1000x588&quality=75","width":1000,"height":588,"aspectRatio":1.7006802721088434},{"path":"\/sites\/b\/bodojazzopen.no\/files\/rohey_bjo_bw.jpg?cropToFit=1200x706&quality=75","width":1200,"height":706,"aspectRatio":1.6997167138810199}],"image":"\/sites\/b\/bodojazzopen.no\/files\/rohey_bjo_bw.jpg","aspect":1.694915254237288,"type":"image","description":null},"additionalData":[]},{"classes":["outercol"],"isFavourite":false,"isExternalUrl":{"articleLink":false},"articleListButtonsData":{"buttonsList":[{"label":"Les mer","url":"\/artister2018\/the-real-thing","type":"readmore"},{"label":"Kj\u00f8p billett","url":"https:\/\/pay.ebillett.no\/velg_antall.php?p_id=144&arrnr=33895","type":"booking"}],"mode":"default"},"favouriteType":null,"mnu":null,"section":null,"displayId":true,"docId":132,"identifier":"132Article","docType":"Article","customDate":false,"teaserData":{"teaserText":"31. jan onsdag kl. 23.00","mode":"default"},"content":{"teaser":"31. jan onsdag kl. 23.00","intro":"Dama Di"},"titles":{"main":"The Real Thing","readMoreButton":"Les mer"},"urls":{"readMore":"\/artister2018\/the-real-thing","booking":"https:\/\/pay.ebillett.no\/velg_antall.php?p_id=144&arrnr=33895"},"created":{"date":"14.11.2017","time":"14:31","timestamp":1510666260},"introAllowHtml":false,"hasTicket":false,"extra":null,"hasReadMore":true,"media":{"imageData":{"path":"\/sites\/b\/bodojazzopen.no\/files\/therealthing_bjo_bw.jpg","width":2500,"height":1666,"aspectRatio":1.5006002400960383},"previewImageUrl":"\/sites\/b\/bodojazzopen.no\/files\/therealthing_bjo_bw.jpg?cropToFit=100x59&quality=50","imageVariants":[{"path":"\/sites\/b\/bodojazzopen.no\/files\/therealthing_bjo_bw.jpg?cropToFit=100x59&quality=75","width":100,"height":59,"aspectRatio":1.694915254237288},{"path":"\/sites\/b\/bodojazzopen.no\/files\/therealthing_bjo_bw.jpg?cropToFit=200x118&quality=75","width":200,"height":118,"aspectRatio":1.694915254237288},{"path":"\/sites\/b\/bodojazzopen.no\/files\/therealthing_bjo_bw.jpg?cropToFit=400x235&quality=75","width":400,"height":235,"aspectRatio":1.702127659574468},{"path":"\/sites\/b\/bodojazzopen.no\/files\/therealthing_bjo_bw.jpg?cropToFit=600x353&quality=75","width":600,"height":353,"aspectRatio":1.6997167138810199},{"path":"\/sites\/b\/bodojazzopen.no\/files\/therealthing_bjo_bw.jpg?cropToFit=800x471&quality=75","width":800,"height":471,"aspectRatio":1.6985138004246285},{"path":"\/sites\/b\/bodojazzopen.no\/files\/therealthing_bjo_bw.jpg?cropToFit=1000x588&quality=75","width":1000,"height":588,"aspectRatio":1.7006802721088434},{"path":"\/sites\/b\/bodojazzopen.no\/files\/therealthing_bjo_bw.jpg?cropToFit=1200x706&quality=75","width":1200,"height":706,"aspectRatio":1.6997167138810199}],"image":"\/sites\/b\/bodojazzopen.no\/files\/therealthing_bjo_bw.jpg","aspect":1.694915254237288,"type":"image","description":null},"additionalData":[]},{"classes":["outercol"],"isFavourite":false,"isExternalUrl":{"articleLink":false},"articleListButtonsData":{"buttonsList":[{"label":"Les mer","url":"\/artister2018\/?Article=134","type":"readmore"},{"label":"Kj\u00f8p billett","url":"https:\/\/pay.ebillett.no\/velg_antall.php?p_id=144&arrnr=33923","type":"booking"}],"mode":"default"},"favouriteType":null,"mnu":null,"section":null,"displayId":true,"docId":134,"identifier":"134Article","docType":"Article","customDate":false,"teaserData":{"teaserText":"3. feb l\u00f8rdag kl. 21.00","mode":"default"},"content":{"teaser":"3. feb l\u00f8rdag kl. 21.00","intro":"Sinus, Stormen"},"titles":{"main":"Misv\u00e6r Skaforening","readMoreButton":"Les mer"},"urls":{"readMore":"\/artister2018\/?Article=134","booking":"https:\/\/pay.ebillett.no\/velg_antall.php?p_id=144&arrnr=33923"},"created":{"date":"27.11.2017","time":"16:26","timestamp":1511796360},"introAllowHtml":false,"hasTicket":false,"extra":null,"hasReadMore":true,"media":{"imageData":{"path":"\/sites\/b\/bodojazzopen.no\/files\/misvaerska_bjo_bw.jpg","width":2500,"height":1406,"aspectRatio":1.7780938833570412},"previewImageUrl":"\/sites\/b\/bodojazzopen.no\/files\/misvaerska_bjo_bw.jpg?cropToFit=100x59&quality=50","imageVariants":[{"path":"\/sites\/b\/bodojazzopen.no\/files\/misvaerska_bjo_bw.jpg?cropToFit=100x59&quality=75","width":100,"height":59,"aspectRatio":1.694915254237288},{"path":"\/sites\/b\/bodojazzopen.no\/files\/misvaerska_bjo_bw.jpg?cropToFit=200x118&quality=75","width":200,"height":118,"aspectRatio":1.694915254237288},{"path":"\/sites\/b\/bodojazzopen.no\/files\/misvaerska_bjo_bw.jpg?cropToFit=400x235&quality=75","width":400,"height":235,"aspectRatio":1.702127659574468},{"path":"\/sites\/b\/bodojazzopen.no\/files\/misvaerska_bjo_bw.jpg?cropToFit=600x353&quality=75","width":600,"height":353,"aspectRatio":1.6997167138810199},{"path":"\/sites\/b\/bodojazzopen.no\/files\/misvaerska_bjo_bw.jpg?cropToFit=800x471&quality=75","width":800,"height":471,"aspectRatio":1.6985138004246285},{"path":"\/sites\/b\/bodojazzopen.no\/files\/misvaerska_bjo_bw.jpg?cropToFit=1000x588&quality=75","width":1000,"height":588,"aspectRatio":1.7006802721088434},{"path":"\/sites\/b\/bodojazzopen.no\/files\/misvaerska_bjo_bw.jpg?cropToFit=1200x706&quality=75","width":1200,"height":706,"aspectRatio":1.6997167138810199}],"image":"\/sites\/b\/bodojazzopen.no\/files\/misvaerska_bjo_bw.jpg","aspect":1.694915254237288,"type":"image","description":null},"additionalData":[]},{"classes":["outercol"],"isFavourite":false,"isExternalUrl":{"articleLink":false},"articleListButtonsData":{"buttonsList":[{"label":"Les mer","url":"\/artister2018\/hoest","type":"readmore"},{"label":"Kj\u00f8p billett","url":"https:\/\/pay.ebillett.no\/velg_antall.php?p_id=144&arrnr=30529","type":"booking"}],"mode":"default"},"favouriteType":null,"mnu":null,"section":null,"displayId":true,"docId":126,"identifier":"126Article","docType":"Article","customDate":false,"teaserData":{"teaserText":"1. feb torsdag kl. 22.00","mode":"default"},"content":{"teaser":"1. feb torsdag kl. 22.00","intro":"Sinus, Stormen"},"titles":{"main":"H\u00f8st","readMoreButton":"Les mer"},"urls":{"readMore":"\/artister2018\/hoest","booking":"https:\/\/pay.ebillett.no\/velg_antall.php?p_id=144&arrnr=30529"},"created":{"date":"02.10.2017","time":"13:34","timestamp":1506944040},"introAllowHtml":false,"hasTicket":false,"extra":null,"hasReadMore":true,"media":{"imageData":{"path":"\/sites\/b\/bodojazzopen.no\/files\/host_bw_bjo.jpg","width":1920,"height":1080,"aspectRatio":1.7777777777777777},"previewImageUrl":"\/sites\/b\/bodojazzopen.no\/files\/host_bw_bjo.jpg?cropToFit=100x59&quality=50","imageVariants":[{"path":"\/sites\/b\/bodojazzopen.no\/files\/host_bw_bjo.jpg?cropToFit=100x59&quality=75","width":100,"height":59,"aspectRatio":1.694915254237288},{"path":"\/sites\/b\/bodojazzopen.no\/files\/host_bw_bjo.jpg?cropToFit=200x118&quality=75","width":200,"height":118,"aspectRatio":1.694915254237288},{"path":"\/sites\/b\/bodojazzopen.no\/files\/host_bw_bjo.jpg?cropToFit=400x235&quality=75","width":400,"height":235,"aspectRatio":1.702127659574468},{"path":"\/sites\/b\/bodojazzopen.no\/files\/host_bw_bjo.jpg?cropToFit=600x353&quality=75","width":600,"height":353,"aspectRatio":1.6997167138810199},{"path":"\/sites\/b\/bodojazzopen.no\/files\/host_bw_bjo.jpg?cropToFit=800x471&quality=75","width":800,"height":471,"aspectRatio":1.6985138004246285},{"path":"\/sites\/b\/bodojazzopen.no\/files\/host_bw_bjo.jpg?cropToFit=1000x588&quality=75","width":1000,"height":588,"aspectRatio":1.7006802721088434},{"path":"\/sites\/b\/bodojazzopen.no\/files\/host_bw_bjo.jpg?cropToFit=1200x706&quality=75","width":1200,"height":706,"aspectRatio":1.6997167138810199}],"image":"\/sites\/b\/bodojazzopen.no\/files\/host_bw_bjo.jpg","aspect":1.694915254237288,"type":"image","description":null},"additionalData":[]},{"classes":["outercol"],"isFavourite":false,"isExternalUrl":{"articleLink":false},"articleListButtonsData":{"buttonsList":[{"label":"Les mer","url":"\/artister2018\/?Article=118","type":"readmore"},{"label":"Kj\u00f8p billett","url":"https:\/\/pay.ebillett.no\/purchase.php?partner_id=144&show_id=30521","type":"booking"}],"mode":"default"},"favouriteType":null,"mnu":null,"section":null,"displayId":true,"docId":118,"identifier":"118Article","docType":"Article","customDate":false,"teaserData":{"teaserText":"2. FEB fredag kl. 18.00","mode":"default"},"content":{"teaser":"2. FEB fredag kl. 18.00","intro":"Lille sal, Stormen"},"titles":{"main":"Bodil Niska Kvartett med England Brooks","readMoreButton":"Les mer"},"urls":{"readMore":"\/artister2018\/?Article=118","booking":"https:\/\/pay.ebillett.no\/purchase.php?partner_id=144&show_id=30521"},"created":{"date":"21.09.2017","time":"10:00","timestamp":1505980800},"introAllowHtml":false,"hasTicket":false,"extra":null,"hasReadMore":true,"media":{"imageData":{"path":"\/sites\/b\/bodojazzopen.no\/files\/artboard_1niskabrooks.png","width":1920,"height":1080,"aspectRatio":1.7777777777777777},"previewImageUrl":"\/sites\/b\/bodojazzopen.no\/files\/artboard_1niskabrooks.png?cropToFit=100x59&quality=50","imageVariants":[{"path":"\/sites\/b\/bodojazzopen.no\/files\/artboard_1niskabrooks.png?cropToFit=100x59&quality=75","width":100,"height":59,"aspectRatio":1.694915254237288},{"path":"\/sites\/b\/bodojazzopen.no\/files\/artboard_1niskabrooks.png?cropToFit=200x118&quality=75","width":200,"height":118,"aspectRatio":1.694915254237288},{"path":"\/sites\/b\/bodojazzopen.no\/files\/artboard_1niskabrooks.png?cropToFit=400x235&quality=75","width":400,"height":235,"aspectRatio":1.702127659574468},{"path":"\/sites\/b\/bodojazzopen.no\/files\/artboard_1niskabrooks.png?cropToFit=600x353&quality=75","width":600,"height":353,"aspectRatio":1.6997167138810199},{"path":"\/sites\/b\/bodojazzopen.no\/files\/artboard_1niskabrooks.png?cropToFit=800x471&quality=75","width":800,"height":471,"aspectRatio":1.6985138004246285},{"path":"\/sites\/b\/bodojazzopen.no\/files\/artboard_1niskabrooks.png?cropToFit=1000x588&quality=75","width":1000,"height":588,"aspectRatio":1.7006802721088434},{"path":"\/sites\/b\/bodojazzopen.no\/files\/artboard_1niskabrooks.png?cropToFit=1200x706&quality=75","width":1200,"height":706,"aspectRatio":1.6997167138810199}],"image":"\/sites\/b\/bodojazzopen.no\/files\/artboard_1niskabrooks.png","aspect":1.694915254237288,"type":"image","description":null},"additionalData":[]},{"classes":["outercol"],"isFavourite":false,"isExternalUrl":{"articleLink":false},"articleListButtonsData":{"buttonsList":[{"label":"Les mer","url":"\/artister2018\/?Article=135","type":"readmore"},{"label":"Kj\u00f8p billett","url":"https:\/\/pay.ebillett.no\/velg_antall.php?p_id=144&arrnr=33922","type":"booking"}],"mode":"default"},"favouriteType":null,"mnu":null,"section":null,"displayId":true,"docId":135,"identifier":"135Article","docType":"Article","customDate":false,"teaserData":{"teaserText":"2. feb fredag kl. 22.00","mode":"default"},"content":{"teaser":"2. feb fredag kl. 22.00","intro":"Sinus, Stormen"},"titles":{"main":"Broen","readMoreButton":"Les mer"},"urls":{"readMore":"\/artister2018\/?Article=135","booking":"https:\/\/pay.ebillett.no\/velg_antall.php?p_id=144&arrnr=33922"},"created":{"date":"27.11.2017","time":"17:16","timestamp":1511799360},"introAllowHtml":false,"hasTicket":false,"extra":null,"hasReadMore":true,"media":{"imageData":{"path":"\/sites\/b\/bodojazzopen.no\/files\/broen_bjo_web_bw.jpg","width":2500,"height":1406,"aspectRatio":1.7780938833570412},"previewImageUrl":"\/sites\/b\/bodojazzopen.no\/files\/broen_bjo_web_bw.jpg?cropToFit=100x59&quality=50","imageVariants":[{"path":"\/sites\/b\/bodojazzopen.no\/files\/broen_bjo_web_bw.jpg?cropToFit=100x59&quality=75","width":100,"height":59,"aspectRatio":1.694915254237288},{"path":"\/sites\/b\/bodojazzopen.no\/files\/broen_bjo_web_bw.jpg?cropToFit=200x118&quality=75","width":200,"height":118,"aspectRatio":1.694915254237288},{"path":"\/sites\/b\/bodojazzopen.no\/files\/broen_bjo_web_bw.jpg?cropToFit=400x235&quality=75","width":400,"height":235,"aspectRatio":1.702127659574468},{"path":"\/sites\/b\/bodojazzopen.no\/files\/broen_bjo_web_bw.jpg?cropToFit=600x353&quality=75","width":600,"height":353,"aspectRatio":1.6997167138810199},{"path":"\/sites\/b\/bodojazzopen.no\/files\/broen_bjo_web_bw.jpg?cropToFit=800x471&quality=75","width":800,"height":471,"aspectRatio":1.6985138004246285},{"path":"\/sites\/b\/bodojazzopen.no\/files\/broen_bjo_web_bw.jpg?cropToFit=1000x588&quality=75","width":1000,"height":588,"aspectRatio":1.7006802721088434},{"path":"\/sites\/b\/bodojazzopen.no\/files\/broen_bjo_web_bw.jpg?cropToFit=1200x706&quality=75","width":1200,"height":706,"aspectRatio":1.6997167138810199}],"image":"\/sites\/b\/bodojazzopen.no\/files\/broen_bjo_web_bw.jpg","aspect":1.694915254237288,"type":"image","description":null},"additionalData":[]},{"classes":["outercol"],"isFavourite":false,"isExternalUrl":{"articleLink":false},"articleListButtonsData":{"buttonsList":[{"label":"Les mer","url":"\/artister2018\/nils-petter-molvaer-group","type":"readmore"},{"label":"Kj\u00f8p billett","url":"https:\/\/pay.ebillett.no\/velg_antall.php?p_id=144&arrnr=30520","type":"booking"}],"mode":"default"},"favouriteType":null,"mnu":null,"section":null,"displayId":true,"docId":119,"identifier":"119Article","docType":"Article","customDate":false,"teaserData":{"teaserText":"31. jan onsdag kl. 21.30","mode":"default"},"content":{"teaser":"31. jan onsdag kl. 21.30","intro":"Sinus, Stormen"},"titles":{"main":"Nils Petter Molv\u00e6r Group","readMoreButton":"Les mer"},"urls":{"readMore":"\/artister2018\/nils-petter-molvaer-group","booking":"https:\/\/pay.ebillett.no\/velg_antall.php?p_id=144&arrnr=30520"},"created":{"date":"19.09.2017","time":"21:03","timestamp":1505847780},"introAllowHtml":false,"hasTicket":false,"extra":null,"hasReadMore":true,"media":{"imageData":{"path":"\/sites\/b\/bodojazzopen.no\/files\/npm_bjo_bw.jpg","width":1920,"height":1080,"aspectRatio":1.7777777777777777},"previewImageUrl":"\/sites\/b\/bodojazzopen.no\/files\/npm_bjo_bw.jpg?cropToFit=100x59&quality=50","imageVariants":[{"path":"\/sites\/b\/bodojazzopen.no\/files\/npm_bjo_bw.jpg?cropToFit=100x59&quality=75","width":100,"height":59,"aspectRatio":1.694915254237288},{"path":"\/sites\/b\/bodojazzopen.no\/files\/npm_bjo_bw.jpg?cropToFit=200x118&quality=75","width":200,"height":118,"aspectRatio":1.694915254237288},{"path":"\/sites\/b\/bodojazzopen.no\/files\/npm_bjo_bw.jpg?cropToFit=400x235&quality=75","width":400,"height":235,"aspectRatio":1.702127659574468},{"path":"\/sites\/b\/bodojazzopen.no\/files\/npm_bjo_bw.jpg?cropToFit=600x353&quality=75","width":600,"height":353,"aspectRatio":1.6997167138810199},{"path":"\/sites\/b\/bodojazzopen.no\/files\/npm_bjo_bw.jpg?cropToFit=800x471&quality=75","width":800,"height":471,"aspectRatio":1.6985138004246285},{"path":"\/sites\/b\/bodojazzopen.no\/files\/npm_bjo_bw.jpg?cropToFit=1000x588&quality=75","width":1000,"height":588,"aspectRatio":1.7006802721088434},{"path":"\/sites\/b\/bodojazzopen.no\/files\/npm_bjo_bw.jpg?cropToFit=1200x706&quality=75","width":1200,"height":706,"aspectRatio":1.6997167138810199}],"image":"\/sites\/b\/bodojazzopen.no\/files\/npm_bjo_bw.jpg","aspect":1.694915254237288,"type":"image","description":null},"additionalData":[]},{"classes":["outercol"],"isFavourite":false,"isExternalUrl":{"articleLink":false},"articleListButtonsData":{"buttonsList":[{"label":"Les mer","url":"\/artister2018\/billy-cobham-band","type":"readmore"},{"label":"Kj\u00f8p billett","url":"https:\/\/pay.ebillett.no\/velg_antall.php?p_id=144&arrnr=30538","type":"booking"}],"mode":"default"},"favouriteType":null,"mnu":null,"section":null,"displayId":true,"docId":128,"identifier":"128Article","docType":"Article","customDate":false,"teaserData":{"teaserText":"1. feb torsdag kl. 19.30","mode":"default"},"content":{"teaser":"1. feb torsdag kl. 19.30","intro":"Store sal, Stormen"},"titles":{"main":"Billy Cobham Band (US)","readMoreButton":"Les mer"},"urls":{"readMore":"\/artister2018\/billy-cobham-band","booking":"https:\/\/pay.ebillett.no\/velg_antall.php?p_id=144&arrnr=30538"},"created":{"date":"10.10.2017","time":"14:26","timestamp":1507638360},"introAllowHtml":false,"hasTicket":false,"extra":null,"hasReadMore":true,"media":{"imageData":{"path":"\/sites\/b\/bodojazzopen.no\/files\/cobham_bjo_bw.jpg","width":1920,"height":1080,"aspectRatio":1.7777777777777777},"previewImageUrl":"\/sites\/b\/bodojazzopen.no\/files\/cobham_bjo_bw.jpg?cropToFit=100x59&quality=50","imageVariants":[{"path":"\/sites\/b\/bodojazzopen.no\/files\/cobham_bjo_bw.jpg?cropToFit=100x59&quality=75","width":100,"height":59,"aspectRatio":1.694915254237288},{"path":"\/sites\/b\/bodojazzopen.no\/files\/cobham_bjo_bw.jpg?cropToFit=200x118&quality=75","width":200,"height":118,"aspectRatio":1.694915254237288},{"path":"\/sites\/b\/bodojazzopen.no\/files\/cobham_bjo_bw.jpg?cropToFit=400x235&quality=75","width":400,"height":235,"aspectRatio":1.702127659574468},{"path":"\/sites\/b\/bodojazzopen.no\/files\/cobham_bjo_bw.jpg?cropToFit=600x353&quality=75","width":600,"height":353,"aspectRatio":1.6997167138810199},{"path":"\/sites\/b\/bodojazzopen.no\/files\/cobham_bjo_bw.jpg?cropToFit=800x471&quality=75","width":800,"height":471,"aspectRatio":1.6985138004246285},{"path":"\/sites\/b\/bodojazzopen.no\/files\/cobham_bjo_bw.jpg?cropToFit=1000x588&quality=75","width":1000,"height":588,"aspectRatio":1.7006802721088434},{"path":"\/sites\/b\/bodojazzopen.no\/files\/cobham_bjo_bw.jpg?cropToFit=1200x706&quality=75","width":1200,"height":706,"aspectRatio":1.6997167138810199}],"image":"\/sites\/b\/bodojazzopen.no\/files\/cobham_bjo_bw.jpg","aspect":1.694915254237288,"type":"image","description":null},"additionalData":[]},{"classes":["outercol"],"isFavourite":false,"isExternalUrl":{"articleLink":false},"articleListButtonsData":{"buttonsList":[{"label":"Les mer","url":"\/artister2018\/blood-sweat-and-tears","type":"readmore"},{"label":"Kj\u00f8p billett","url":"https:\/\/pay.ebillett.no\/purchase.php?partner_id=144&show_id=30518","type":"booking"}],"mode":"default"},"favouriteType":null,"mnu":null,"section":null,"displayId":true,"docId":116,"identifier":"116Article","docType":"Article","customDate":false,"teaserData":{"teaserText":"31. jan onsdag kl. 19.30 ","mode":"default"},"content":{"teaser":"31. jan onsdag kl. 19.30 ","intro":"Store sal, Stormen"},"titles":{"main":"Blood, Sweat & Tears (US)","readMoreButton":"Les mer"},"urls":{"readMore":"\/artister2018\/blood-sweat-and-tears","booking":"https:\/\/pay.ebillett.no\/purchase.php?partner_id=144&show_id=30518"},"created":{"date":"19.09.2017","time":"20:34","timestamp":1505846040},"introAllowHtml":false,"hasTicket":false,"extra":null,"hasReadMore":true,"media":{"imageData":{"path":"\/sites\/b\/bodojazzopen.no\/files\/bst_bjo_bw.jpg","width":1920,"height":1080,"aspectRatio":1.7777777777777777},"previewImageUrl":"\/sites\/b\/bodojazzopen.no\/files\/bst_bjo_bw.jpg?cropToFit=100x59&quality=50","imageVariants":[{"path":"\/sites\/b\/bodojazzopen.no\/files\/bst_bjo_bw.jpg?cropToFit=100x59&quality=75","width":100,"height":59,"aspectRatio":1.694915254237288},{"path":"\/sites\/b\/bodojazzopen.no\/files\/bst_bjo_bw.jpg?cropToFit=200x118&quality=75","width":200,"height":118,"aspectRatio":1.694915254237288},{"path":"\/sites\/b\/bodojazzopen.no\/files\/bst_bjo_bw.jpg?cropToFit=400x235&quality=75","width":400,"height":235,"aspectRatio":1.702127659574468},{"path":"\/sites\/b\/bodojazzopen.no\/files\/bst_bjo_bw.jpg?cropToFit=600x353&quality=75","width":600,"height":353,"aspectRatio":1.6997167138810199},{"path":"\/sites\/b\/bodojazzopen.no\/files\/bst_bjo_bw.jpg?cropToFit=800x471&quality=75","width":800,"height":471,"aspectRatio":1.6985138004246285},{"path":"\/sites\/b\/bodojazzopen.no\/files\/bst_bjo_bw.jpg?cropToFit=1000x588&quality=75","width":1000,"height":588,"aspectRatio":1.7006802721088434},{"path":"\/sites\/b\/bodojazzopen.no\/files\/bst_bjo_bw.jpg?cropToFit=1200x706&quality=75","width":1200,"height":706,"aspectRatio":1.6997167138810199}],"image":"\/sites\/b\/bodojazzopen.no\/files\/bst_bjo_bw.jpg","aspect":1.694915254237288,"type":"image","description":null},"additionalData":[]},{"classes":["outercol"],"isFavourite":false,"isExternalUrl":{"articleLink":false},"articleListButtonsData":{"buttonsList":[{"label":"Les mer","url":"\/artister2018\/?Article=123","type":"readmore"},{"label":"Kj\u00f8p billett","url":"https:\/\/pay.ebillett.no\/velg_seksjon_fullskjerm.php?id=2018-02-02|19:30:00|101","type":"booking"}],"mode":"default"},"favouriteType":null,"mnu":null,"section":null,"displayId":true,"docId":123,"identifier":"123Article","docType":"Article","customDate":false,"teaserData":{"teaserText":"2. feb fredag kl. 19.30 ","mode":"default"},"content":{"teaser":"2. feb fredag kl. 19.30 ","intro":"Store sal, Stormen"},"titles":{"main":"Procol Harum (UK)","readMoreButton":"Les mer"},"urls":{"readMore":"\/artister2018\/?Article=123","booking":"https:\/\/pay.ebillett.no\/velg_seksjon_fullskjerm.php?id=2018-02-02|19:30:00|101"},"created":{"date":"02.10.2017","time":"12:31","timestamp":1506940260},"introAllowHtml":false,"hasTicket":false,"extra":null,"hasReadMore":true,"media":{"imageData":{"path":"\/sites\/b\/bodojazzopen.no\/files\/procol_harum_color_bjo_bw.jpg","width":1920,"height":1080,"aspectRatio":1.7777777777777777},"previewImageUrl":"\/sites\/b\/bodojazzopen.no\/files\/procol_harum_color_bjo_bw.jpg?cropToFit=100x59&quality=50","imageVariants":[{"path":"\/sites\/b\/bodojazzopen.no\/files\/procol_harum_color_bjo_bw.jpg?cropToFit=100x59&quality=75","width":100,"height":59,"aspectRatio":1.694915254237288},{"path":"\/sites\/b\/bodojazzopen.no\/files\/procol_harum_color_bjo_bw.jpg?cropToFit=200x118&quality=75","width":200,"height":118,"aspectRatio":1.694915254237288},{"path":"\/sites\/b\/bodojazzopen.no\/files\/procol_harum_color_bjo_bw.jpg?cropToFit=400x235&quality=75","width":400,"height":235,"aspectRatio":1.702127659574468},{"path":"\/sites\/b\/bodojazzopen.no\/files\/procol_harum_color_bjo_bw.jpg?cropToFit=600x353&quality=75","width":600,"height":353,"aspectRatio":1.6997167138810199},{"path":"\/sites\/b\/bodojazzopen.no\/files\/procol_harum_color_bjo_bw.jpg?cropToFit=800x471&quality=75","width":800,"height":471,"aspectRatio":1.6985138004246285},{"path":"\/sites\/b\/bodojazzopen.no\/files\/procol_harum_color_bjo_bw.jpg?cropToFit=1000x588&quality=75","width":1000,"height":588,"aspectRatio":1.7006802721088434},{"path":"\/sites\/b\/bodojazzopen.no\/files\/procol_harum_color_bjo_bw.jpg?cropToFit=1200x706&quality=75","width":1200,"height":706,"aspectRatio":1.6997167138810199}],"image":"\/sites\/b\/bodojazzopen.no\/files\/procol_harum_color_bjo_bw.jpg","aspect":1.694915254237288,"type":"image","description":null},"additionalData":[]}],"pages":[1],"currentPage":1,"sections":[]}